{"id":846,"date":"2024-03-06T10:56:45","date_gmt":"2024-03-06T09:56:45","guid":{"rendered":"https:\/\/perteaigua.aiguesmanresa.cat\/el-proyecto\/"},"modified":"2024-06-07T14:33:58","modified_gmt":"2024-06-07T12:33:58","slug":"el-proyecto","status":"publish","type":"page","link":"https:\/\/perteaigua.aiguesmanresa.cat\/es\/el-proyecto\/","title":{"rendered":"El Proyecto"},"content":{"rendered":"<p>[et_pb_section fb_built=\u00bb1&#8243; _builder_version=\u00bb4.24.2&#8243; _module_preset=\u00bbdefault\u00bb custom_padding=\u00bb0px||||false|false\u00bb global_colors_info=\u00bb{}\u00bb][et_pb_row _builder_version=\u00bb4.24.2&#8243; _module_preset=\u00bbdefault\u00bb custom_padding=\u00bb||0px|||\u00bb global_colors_info=\u00bb{}\u00bb][et_pb_column type=\u00bb4_4&#8243; _builder_version=\u00bb4.24.2&#8243; _module_preset=\u00bbdefault\u00bb global_colors_info=\u00bb{}\u00bb][et_pb_text _builder_version=\u00bb4.24.2&#8243; _module_preset=\u00bbdefault\u00bb global_colors_info=\u00bb{}\u00bb]<\/p>\n<h2>Sostenibilidad en el Ciclo del Agua.<\/h2>\n<h4>Un proyecto de digitalizaci\u00f3n del territorio.<\/h4>\n<h2>\u00a0<\/h2>\n<p>[\/et_pb_text][\/et_pb_column][\/et_pb_row][et_pb_row column_structure=\u00bb3_5,2_5&#8243; _builder_version=\u00bb4.24.2&#8243; _module_preset=\u00bbdefault\u00bb global_colors_info=\u00bb{}\u00bb][et_pb_column type=\u00bb3_5&#8243; _builder_version=\u00bb4.24.2&#8243; _module_preset=\u00bbdefault\u00bb global_colors_info=\u00bb{}\u00bb][et_pb_text _builder_version=\u00bb4.24.2&#8243; _module_preset=\u00bb9d3c0e8a-47fa-48f9-bbbc-84228daf8a0a\u00bb global_colors_info=\u00bb{}\u00bb]<\/p>\n<p>El contexto actual, as\u00ed como los escenarios futuros, nos muestran un entorno alterado por el cambio clim\u00e1tico, con escasez de agua y una necesidad de mayor resiliencia, para un mejor control y eficiencia del ciclo integral del agua. <strong>Un control que s\u00f3lo ser\u00e1 posible con la digitalizaci\u00f3n de todos los servicios y niveles de la empresa.<\/strong><\/p>\n<p>[\/et_pb_text][et_pb_text _builder_version=\u00bb4.24.2&#8243; _module_preset=\u00bbdefault\u00bb global_colors_info=\u00bb{}\u00bb]<\/p>\n<p>El proyecto <strong>Sostenibilidad en el ciclo del agua. Un proyecto de digitalizaci\u00f3n y transformaci\u00f3n del territorio<\/strong>, se ha planteado como la palanca necesaria para impulsar la transformaci\u00f3n digital de la empresa y el sector del agua. El proyecto transformar\u00e1 de forma integral Aig\u00fces de Manresa, y otras peque\u00f1as y medianas operadoras del sector del agua, a nivel tecnol\u00f3gico, de planificaci\u00f3n, de gobernanza, transparencia, digitalizaci\u00f3n, eficiencia y capacitaci\u00f3n, y con la premisa de que las actuaciones tienen que ser sostenibles en el tiempo y con impacto nulo en las tarifas.<\/p>\n<p><span style=\"color: #008080;\"><strong>N\u00ba Expediente <span class=\"outlook-search-highlight\" data-markjs=\"true\">PCAU<\/span>00129<\/strong><\/span><br \/><span style=\"color: #008080;\"><strong>Presupuesto total del proyecto: 10.628.086,07 \u20ac<\/strong><\/span><br \/><span style=\"color: #008080;\"><strong>Importe subvencionado: 6.028.016,67 \u20ac<\/strong><\/span><\/p>\n<p>[\/et_pb_text][\/et_pb_column][et_pb_column type=\u00bb2_5&#8243; _builder_version=\u00bb4.24.2&#8243; _module_preset=\u00bbdefault\u00bb global_colors_info=\u00bb{}\u00bb][et_pb_image src=\u00bbhttps:\/\/perteaigua.aiguesmanresa.cat\/wp-content\/uploads\/2024\/04\/shutterstock_1295767468-Convertido-1.png\u00bb title_text=\u00bbdigitalitzacio-perte\u00bb show_bottom_space=\u00bboff\u00bb _builder_version=\u00bb4.24.2&#8243; _module_preset=\u00bbdefault\u00bb max_width=\u00bb450px\u00bb module_alignment=\u00bbcenter\u00bb custom_margin=\u00bb-30px||40px||false|false\u00bb custom_margin_tablet=\u00bb-30px||40px||false|false\u00bb custom_margin_phone=\u00bb-30px||40px||false|false\u00bb custom_margin_last_edited=\u00bbon|desktop\u00bb scroll_vertical_motion=\u00bb0|50|50|100|-3|0|0&#8243; scroll_scaling_enable=\u00bbon\u00bb scroll_scaling=\u00bb0|50|50|100|90%|100|110%\u00bb border_radii=\u00bbon|10px|10px|10px|10px\u00bb global_colors_info=\u00bb{}\u00bb][\/et_pb_image][\/et_pb_column][\/et_pb_row][et_pb_row column_structure=\u00bb3_5,2_5&#8243; module_class=\u00bbenable-flex-position\u00bb _builder_version=\u00bb4.24.2&#8243; _module_preset=\u00bbdefault\u00bb custom_padding=\u00bb1rem||1rem||true|false\u00bb custom_css_free_form=\u00bbselector .et_pb_column { justify-content:center !important; margin-bottom:2rem !important; }||||selector .et_pb_button { flex:1 1 100% !important; min-width:200px; width:100%; text-align:center; margin-bottom:25px; } ||||selector .et_pb_image { flex:0 0 auto !important;  } \u00bb global_colors_info=\u00bb{}\u00bb custom_padding__hover_enabled=\u00bboff|desktop\u00bb][et_pb_column type=\u00bb3_5&#8243; _builder_version=\u00bb4.24.2&#8243; _module_preset=\u00bbdefault\u00bb global_colors_info=\u00bb{}\u00bb][et_pb_button button_url=\u00bb#projecte-objectius\u00bb button_text=\u00bbObjetivos\u00bb _builder_version=\u00bb4.24.2&#8243; _module_preset=\u00bbdefault\u00bb global_colors_info=\u00bb{}\u00bb][\/et_pb_button][et_pb_button button_url=\u00bb#projecte-resultats-esperats\u00bb button_text=\u00bbResultados esperados\u00bb _builder_version=\u00bb4.24.2&#8243; _module_preset=\u00bbdefault\u00bb global_colors_info=\u00bb{}\u00bb][\/et_pb_button][et_pb_button button_url=\u00bb@ET-DC@eyJkeW5hbWljIjp0cnVlLCJjb250ZW50IjoicG9zdF9saW5rX3VybF9wYWdlIiwic2V0dGluZ3MiOnsicG9zdF9pZCI6IjMzNCJ9fQ==@\u00bb button_text=\u00bb\u00c1mbitos de trabajo\u00bb _builder_version=\u00bb4.24.2&#8243; _dynamic_attributes=\u00bbbutton_url\u00bb _module_preset=\u00bbdefault\u00bb global_colors_info=\u00bb{}\u00bb][\/et_pb_button][\/et_pb_column][et_pb_column type=\u00bb2_5&#8243; _builder_version=\u00bb4.24.2&#8243; _module_preset=\u00bbdefault\u00bb global_colors_info=\u00bb{}\u00bb][et_pb_image src=\u00bbhttps:\/\/perteaigua.aiguesmanresa.cat\/wp-content\/uploads\/2024\/03\/Logo-UE-Next-Generation-Color-300&#215;88.png\u00bb title_text=\u00bbLogo-UE-Next-Generation-Color\u00bb _builder_version=\u00bb4.24.2&#8243; _module_preset=\u00bbdefault\u00bb max_height=\u00bb50px\u00bb global_colors_info=\u00bb{}\u00bb][\/et_pb_image][et_pb_image src=\u00bbhttps:\/\/perteaigua.aiguesmanresa.cat\/wp-content\/uploads\/2024\/04\/mini-reg-e1712145222373.png\u00bb title_text=\u00bbmini-reg\u00bb _builder_version=\u00bb4.24.2&#8243; _module_preset=\u00bbdefault\u00bb max_height=\u00bb50px\u00bb global_colors_info=\u00bb{}\u00bb][\/et_pb_image][\/et_pb_column][\/et_pb_row][\/et_pb_section][et_pb_section fb_built=\u00bb1&#8243; module_id=\u00bbseccio-scrolltrigger-objectius\u00bb _builder_version=\u00bb4.24.2&#8243; _module_preset=\u00bbdefault\u00bb background_color=\u00bb#eaeaea\u00bb background_enable_image=\u00bboff\u00bb background_size=\u00bbcontain\u00bb background_position=\u00bbtop_left\u00bb background_enable_pattern_style=\u00bbon\u00bb background_pattern_style=\u00bbwaves\u00bb background_pattern_color=\u00bbrgba(0,108,125,0.05)\u00bb background_pattern_transform=\u00bbflip_vertical\u00bb background_pattern_size=\u00bbcontain\u00bb background_pattern_repeat_origin=\u00bbtop_center\u00bb custom_padding=\u00bb0px||||false|false\u00bb bottom_divider_height=\u00bb59px\u00bb global_colors_info=\u00bb{}\u00bb][et_pb_row module_id=\u00bbprojecte-objectius\u00bb module_class=\u00bbrow-scrolltrigger-title\u00bb _builder_version=\u00bb4.24.2&#8243; _module_preset=\u00bbdefault\u00bb background_color=\u00bbgcid-4f09a617-b8fe-4205-953a-7b33d2c593d2&#8243; width=\u00bb100%\u00bb max_width=\u00bbnone\u00bb custom_margin=\u00bb||3rem||false|false\u00bb custom_padding=\u00bb1rem||1rem||true|false\u00bb sticky_position=\u00bbtop\u00bb sticky_limit_bottom=\u00bbsection\u00bb sticky_position_tablet=\u00bbnone\u00bb sticky_position_phone=\u00bbnone\u00bb sticky_position_last_edited=\u00bbon|desktop\u00bb border_width_bottom=\u00bb2px\u00bb border_color_bottom=\u00bb#ffffff\u00bb global_colors_info=\u00bb{%22gcid-4f09a617-b8fe-4205-953a-7b33d2c593d2%22:%91%22background_color%22%93}\u00bb][et_pb_column type=\u00bb4_4&#8243; _builder_version=\u00bb4.24.2&#8243; _module_preset=\u00bbdefault\u00bb global_colors_info=\u00bb{}\u00bb][et_pb_text _builder_version=\u00bb4.24.2&#8243; _module_preset=\u00bb9d3c0e8a-47fa-48f9-bbbc-84228daf8a0a\u00bb text_orientation=\u00bbcenter\u00bb background_layout=\u00bbdark\u00bb custom_margin=\u00bb10px|20px|10px|20px|true|true\u00bb custom_padding=\u00bb||||false|false\u00bb global_colors_info=\u00bb{}\u00bb text_font_size__hover_enabled=\u00bboff|desktop\u00bb text_font_size__sticky_enabled=\u00bbon|sticky\u00bb text_font_size__sticky=\u00bb1rem\u00bb header_3_font_size__sticky_enabled=\u00bbon|sticky\u00bb header_3_font_size__sticky=\u00bb2.2rem\u00bb custom_margin__sticky_enabled=\u00bbon|sticky\u00bb custom_margin__sticky=\u00bb0px||0px||true|true\u00bb]<\/p>\n<h3>Objetivos<\/h3>\n<p>Los <strong>12 objetivos generales<\/strong> que se busca conseguir con el proyecto:<\/p>\n<p>[\/et_pb_text][\/et_pb_column][\/et_pb_row][et_pb_row column_structure=\u00bb1_3,2_3&#8243; module_class=\u00bbrow-scrolltrigger-animated\u00bb _builder_version=\u00bb4.24.2&#8243; _module_preset=\u00bbdefault\u00bb background_color=\u00bb#007D3A\u00bb background_image=\u00bbhttps:\/\/perteaigua.aiguesmanresa.cat\/wp-content\/uploads\/2024\/03\/foto-manresa-etap-nit.jpg\u00bb background_blend=\u00bbmultiply\u00bb global_colors_info=\u00bb{}\u00bb][et_pb_column type=\u00bb1_3&#8243; _builder_version=\u00bb4.24.2&#8243; _module_preset=\u00bbdefault\u00bb global_colors_info=\u00bb{}\u00bb][et_pb_icon font_icon=\u00bb&#xf3cd;||fa||900&#8243; icon_color=\u00bb#FFFFFF\u00bb icon_width=\u00bb80px\u00bb _builder_version=\u00bb4.24.2&#8243; _module_preset=\u00bbdefault\u00bb global_colors_info=\u00bb{}\u00bb][\/et_pb_icon][\/et_pb_column][et_pb_column type=\u00bb2_3&#8243; _builder_version=\u00bb4.24.2&#8243; _module_preset=\u00bbdefault\u00bb global_colors_info=\u00bb{}\u00bb][et_pb_text _builder_version=\u00bb4.24.2&#8243; _module_preset=\u00bb586a1f6e-0821-4661-9b51-a57f3d0a847f\u00bb global_colors_info=\u00bb{}\u00bb]<\/p>\n<h2>1<\/h2>\n<p>Dar el paso definitivo hacia la <strong>transici\u00f3n digital<\/strong> de Aig\u00fces de Manresa, a trav\u00e9s del uso de las nuevas tecnolog\u00edas y la<strong> innovaci\u00f3n<\/strong>.<\/p>\n<p>[\/et_pb_text][et_pb_button button_url=\u00bbhttps:\/\/www.aiguesmanresa.cat\u00bb url_new_window=\u00bbon\u00bb button_text=\u00bbConoce la empresa\u00bb _builder_version=\u00bb4.24.2&#8243; _module_preset=\u00bbdefault\u00bb global_colors_info=\u00bb{}\u00bb][\/et_pb_button][\/et_pb_column][\/et_pb_row][et_pb_row column_structure=\u00bb1_3,2_3&#8243; module_class=\u00bbrow-scrolltrigger-animated\u00bb _builder_version=\u00bb4.24.2&#8243; _module_preset=\u00bbdefault\u00bb background_color=\u00bb#00B994&#8243; background_image=\u00bbhttps:\/\/perteaigua.aiguesmanresa.cat\/wp-content\/uploads\/2024\/04\/etap-aigues-manresa-8228-scaled.jpg\u00bb background_blend=\u00bbmultiply\u00bb global_colors_info=\u00bb{}\u00bb][et_pb_column type=\u00bb1_3&#8243; _builder_version=\u00bb4.24.2&#8243; _module_preset=\u00bbdefault\u00bb global_colors_info=\u00bb{}\u00bb][et_pb_icon font_icon=\u00bb&#xf043;||fa||900&#8243; icon_color=\u00bb#FFFFFF\u00bb icon_width=\u00bb80px\u00bb _builder_version=\u00bb4.24.2&#8243; _module_preset=\u00bbdefault\u00bb global_colors_info=\u00bb{}\u00bb][\/et_pb_icon][\/et_pb_column][et_pb_column type=\u00bb2_3&#8243; _builder_version=\u00bb4.24.2&#8243; _module_preset=\u00bbdefault\u00bb global_colors_info=\u00bb{}\u00bb][et_pb_text _builder_version=\u00bb4.24.2&#8243; _module_preset=\u00bb586a1f6e-0821-4661-9b51-a57f3d0a847f\u00bb global_colors_info=\u00bb{}\u00bb]<\/p>\n<h2>2<\/h2>\n<p>Contribuir a una mejor planificaci\u00f3n, gesti\u00f3n y gobernanza en el \u00e1mbito de Aig\u00fces de Manresa con la creaci\u00f3n de un <strong>Plan integral de gesti\u00f3n del agua<\/strong>, que incluya el Plan Director Supramunicipal del Ciclo Integral del Agua y otros planes derivados.\u00a0<\/p>\n<p>Se dar\u00e1 tratamiento especial a las zonas con redes m\u00e1s extensas y menor poblaci\u00f3n.<\/p>\n<p>[\/et_pb_text][\/et_pb_column][\/et_pb_row][et_pb_row column_structure=\u00bb1_3,2_3&#8243; module_class=\u00bbrow-scrolltrigger-animated\u00bb _builder_version=\u00bb4.24.2&#8243; _module_preset=\u00bbdefault\u00bb background_color=\u00bb#42C0C6&#8243; background_image=\u00bbhttps:\/\/perteaigua.aiguesmanresa.cat\/wp-content\/uploads\/2024\/04\/depuradora-aigues-manresa-52284-scaled.jpg\u00bb background_blend=\u00bbmultiply\u00bb global_colors_info=\u00bb{}\u00bb][et_pb_column type=\u00bb1_3&#8243; _builder_version=\u00bb4.24.2&#8243; _module_preset=\u00bbdefault\u00bb global_colors_info=\u00bb{}\u00bb][et_pb_icon font_icon=\u00bb&#xe0e9;||divi||400&#8243; icon_color=\u00bb#FFFFFF\u00bb icon_width=\u00bb80px\u00bb _builder_version=\u00bb4.24.2&#8243; _module_preset=\u00bbdefault\u00bb locked=\u00bboff\u00bb global_colors_info=\u00bb{}\u00bb][\/et_pb_icon][\/et_pb_column][et_pb_column type=\u00bb2_3&#8243; _builder_version=\u00bb4.24.2&#8243; _module_preset=\u00bbdefault\u00bb global_colors_info=\u00bb{}\u00bb][et_pb_text _builder_version=\u00bb4.24.2&#8243; _module_preset=\u00bb586a1f6e-0821-4661-9b51-a57f3d0a847f\u00bb global_colors_info=\u00bb{}\u00bb]<\/p>\n<h2>3<\/h2>\n<p>Empezar a <strong>trabajar por excepci\u00f3n<\/strong>, con el fin de optimizar los costes operativos de los servicios. Actualmente, se trabaja a partir de la inspecci\u00f3n y del an\u00e1lisis de la informaci\u00f3n recibida.<\/p>\n<p>Con la mejora del conocimiento de los servicios operados, a trav\u00e9s de su sensorizaci\u00f3n, comunicaciones y sistemas de tratamiento de datos, se pretende primordialmente actuar en aquellos casos en los que el sistema detecte un comportamiento no habitual o que comporte peligro.<\/p>\n<p>[\/et_pb_text][\/et_pb_column][\/et_pb_row][et_pb_row column_structure=\u00bb1_3,2_3&#8243; module_class=\u00bbrow-scrolltrigger-animated\u00bb _builder_version=\u00bb4.24.2&#8243; _module_preset=\u00bbdefault\u00bb background_color=\u00bb#00457D\u00bb background_image=\u00bbhttps:\/\/perteaigua.aiguesmanresa.cat\/wp-content\/uploads\/2024\/04\/IMG_3772-scaled.jpg\u00bb background_blend=\u00bbmultiply\u00bb global_colors_info=\u00bb{}\u00bb][et_pb_column type=\u00bb1_3&#8243; _builder_version=\u00bb4.24.2&#8243; _module_preset=\u00bbdefault\u00bb global_colors_info=\u00bb{}\u00bb][et_pb_icon font_icon=\u00bb&#xf5ba;||fa||900&#8243; icon_color=\u00bb#FFFFFF\u00bb icon_width=\u00bb80px\u00bb _builder_version=\u00bb4.24.2&#8243; _module_preset=\u00bbdefault\u00bb global_colors_info=\u00bb{%22gcid-71964cb5-c3c3-43b2-bb5c-e8115d3aa9e4%22:%91%22icon_color%22%93,%22gcid-4f09a617-b8fe-4205-953a-7b33d2c593d2%22:%91%22icon_color%22%93}\u00bb][\/et_pb_icon][\/et_pb_column][et_pb_column type=\u00bb2_3&#8243; _builder_version=\u00bb4.24.2&#8243; _module_preset=\u00bbdefault\u00bb global_colors_info=\u00bb{}\u00bb][et_pb_text _builder_version=\u00bb4.24.2&#8243; _module_preset=\u00bb586a1f6e-0821-4661-9b51-a57f3d0a847f\u00bb global_colors_info=\u00bb{}\u00bb]<\/p>\n<h2>4<\/h2>\n<p>Aumentar la <strong>eficiencia energ\u00e9tica<\/strong> de las infraestructuras vinculadas al ciclo integral del agua con una reducci\u00f3n del consumo externo en un 12,59%.<\/p>\n<p>El proyecto pretende reducir el coste energ\u00e9tico mediante la generaci\u00f3n de energ\u00edas renovables.<\/p>\n<p>[\/et_pb_text][\/et_pb_column][\/et_pb_row][et_pb_row column_structure=\u00bb1_3,2_3&#8243; module_class=\u00bbrow-scrolltrigger-animated\u00bb _builder_version=\u00bb4.24.2&#8243; _module_preset=\u00bbdefault\u00bb background_color=\u00bb#006C7D\u00bb background_image=\u00bbhttps:\/\/perteaigua.aiguesmanresa.cat\/wp-content\/uploads\/2024\/04\/etap-aigues-manresa-7932-scaled.jpg\u00bb background_blend=\u00bbmultiply\u00bb global_colors_info=\u00bb{}\u00bb][et_pb_column type=\u00bb1_3&#8243; _builder_version=\u00bb4.24.2&#8243; _module_preset=\u00bbdefault\u00bb global_colors_info=\u00bb{}\u00bb][et_pb_icon font_icon=\u00bb&#xf4c1;||fa||900&#8243; icon_color=\u00bb#FFFFFF\u00bb icon_width=\u00bb80px\u00bb _builder_version=\u00bb4.24.2&#8243; _module_preset=\u00bbdefault\u00bb global_colors_info=\u00bb{%22gcid-71964cb5-c3c3-43b2-bb5c-e8115d3aa9e4%22:%91%22icon_color%22,%22icon_color%22%93,%22gcid-4f09a617-b8fe-4205-953a-7b33d2c593d2%22:%91%22icon_color%22,%22icon_color%22%93}\u00bb][\/et_pb_icon][\/et_pb_column][et_pb_column type=\u00bb2_3&#8243; _builder_version=\u00bb4.24.2&#8243; _module_preset=\u00bbdefault\u00bb global_colors_info=\u00bb{}\u00bb][et_pb_text _builder_version=\u00bb4.24.2&#8243; _module_preset=\u00bb586a1f6e-0821-4661-9b51-a57f3d0a847f\u00bb global_colors_info=\u00bb{}\u00bb]<\/p>\n<h2>5<\/h2>\n<p>Reducir el n\u00famero de <strong>fugas<\/strong> en las diferentes redes en un 5% de media, teniendo en cuenta las particularidades de cada una de ellas<\/p>\n<p>[\/et_pb_text][\/et_pb_column][\/et_pb_row][et_pb_row column_structure=\u00bb1_3,2_3&#8243; module_class=\u00bbrow-scrolltrigger-animated\u00bb _builder_version=\u00bb4.24.2&#8243; _module_preset=\u00bbdefault\u00bb background_color=\u00bb#007D3A\u00bb background_image=\u00bbhttps:\/\/perteaigua.aiguesmanresa.cat\/wp-content\/uploads\/2024\/04\/etap-aigues-manresa-8238-scaled.jpg\u00bb background_blend=\u00bbmultiply\u00bb global_colors_info=\u00bb{}\u00bb][et_pb_column type=\u00bb1_3&#8243; _builder_version=\u00bb4.24.2&#8243; _module_preset=\u00bbdefault\u00bb global_colors_info=\u00bb{}\u00bb][et_pb_icon font_icon=\u00bb&#xf233;||fa||900&#8243; icon_color=\u00bb#FFFFFF\u00bb icon_width=\u00bb80px\u00bb _builder_version=\u00bb4.24.2&#8243; _module_preset=\u00bbdefault\u00bb global_colors_info=\u00bb{%22gcid-71964cb5-c3c3-43b2-bb5c-e8115d3aa9e4%22:%91%22icon_color%22,%22icon_color%22%93,%22gcid-4f09a617-b8fe-4205-953a-7b33d2c593d2%22:%91%22icon_color%22,%22icon_color%22%93}\u00bb][\/et_pb_icon][\/et_pb_column][et_pb_column type=\u00bb2_3&#8243; _builder_version=\u00bb4.24.2&#8243; _module_preset=\u00bbdefault\u00bb global_colors_info=\u00bb{}\u00bb][et_pb_text _builder_version=\u00bb4.24.2&#8243; _module_preset=\u00bb586a1f6e-0821-4661-9b51-a57f3d0a847f\u00bb global_colors_info=\u00bb{}\u00bb]<\/p>\n<h2>6<\/h2>\n<p>Incrementar la <strong>capacidad de procesamiento de datos<\/strong> y control sobre los servicios explotados, a trav\u00e9s de algoritmos complejos ejecutados de forma perif\u00e9rica, mediante <strong>Edge Computing<\/strong> en el telecontrol<\/p>\n<p>[\/et_pb_text][\/et_pb_column][\/et_pb_row][et_pb_row column_structure=\u00bb1_3,2_3&#8243; module_class=\u00bbrow-scrolltrigger-animated\u00bb _builder_version=\u00bb4.24.2&#8243; _module_preset=\u00bbdefault\u00bb background_color=\u00bb#00B994&#8243; background_image=\u00bbhttps:\/\/perteaigua.aiguesmanresa.cat\/wp-content\/uploads\/2024\/04\/WhatsApp-Image-2024-03-12-at-06.54.39.jpeg\u00bb background_blend=\u00bbmultiply\u00bb global_colors_info=\u00bb{}\u00bb][et_pb_column type=\u00bb1_3&#8243; _builder_version=\u00bb4.24.2&#8243; _module_preset=\u00bbdefault\u00bb global_colors_info=\u00bb{}\u00bb][et_pb_icon font_icon=\u00bb&#xf7bb;||fa||400&#8243; icon_color=\u00bb#FFFFFF\u00bb icon_width=\u00bb80px\u00bb _builder_version=\u00bb4.24.2&#8243; _module_preset=\u00bbdefault\u00bb global_colors_info=\u00bb{%22gcid-71964cb5-c3c3-43b2-bb5c-e8115d3aa9e4%22:%91%22icon_color%22,%22icon_color%22%93,%22gcid-4f09a617-b8fe-4205-953a-7b33d2c593d2%22:%91%22icon_color%22,%22icon_color%22%93}\u00bb][\/et_pb_icon][\/et_pb_column][et_pb_column type=\u00bb2_3&#8243; _builder_version=\u00bb4.24.2&#8243; _module_preset=\u00bbdefault\u00bb global_colors_info=\u00bb{}\u00bb][et_pb_text _builder_version=\u00bb4.24.2&#8243; _module_preset=\u00bb586a1f6e-0821-4661-9b51-a57f3d0a847f\u00bb global_colors_info=\u00bb{}\u00bb]<\/p>\n<h2>7<\/h2>\n<p>Tener la <strong>gobernanza<\/strong> sobre los sistemas y datos producidos, mediante el uso mayoritario de <em><strong>o<\/strong><strong>pen hard<\/strong><\/em> (Raspberry Pi ESP32 y Arduino) y programas de c\u00f3digo libre.<\/p>\n<p>[\/et_pb_text][\/et_pb_column][\/et_pb_row][et_pb_row column_structure=\u00bb1_3,2_3&#8243; module_class=\u00bbrow-scrolltrigger-animated\u00bb _builder_version=\u00bb4.24.2&#8243; _module_preset=\u00bbdefault\u00bb background_color=\u00bb#42C0C6&#8243; background_image=\u00bbhttps:\/\/perteaigua.aiguesmanresa.cat\/wp-content\/uploads\/2024\/04\/20220427_130905106_iOS-scaled.jpg\u00bb background_blend=\u00bbmultiply\u00bb global_colors_info=\u00bb{}\u00bb][et_pb_column type=\u00bb1_3&#8243; _builder_version=\u00bb4.24.2&#8243; _module_preset=\u00bbdefault\u00bb global_colors_info=\u00bb{}\u00bb][et_pb_icon font_icon=\u00bb&#xf7d9;||fa||900&#8243; icon_color=\u00bb#FFFFFF\u00bb icon_width=\u00bb80px\u00bb _builder_version=\u00bb4.24.2&#8243; _module_preset=\u00bbdefault\u00bb global_colors_info=\u00bb{%22gcid-71964cb5-c3c3-43b2-bb5c-e8115d3aa9e4%22:%91%22icon_color%22,%22icon_color%22%93,%22gcid-4f09a617-b8fe-4205-953a-7b33d2c593d2%22:%91%22icon_color%22,%22icon_color%22%93}\u00bb][\/et_pb_icon][\/et_pb_column][et_pb_column type=\u00bb2_3&#8243; _builder_version=\u00bb4.24.2&#8243; _module_preset=\u00bbdefault\u00bb global_colors_info=\u00bb{}\u00bb][et_pb_text _builder_version=\u00bb4.24.2&#8243; _module_preset=\u00bb586a1f6e-0821-4661-9b51-a57f3d0a847f\u00bb global_colors_info=\u00bb{}\u00bb]<\/p>\n<h2>8<\/h2>\n<p>Dotarse de las <strong>herramientas<\/strong> necesarias para afrontar (con 68 captaciones, en su mayor\u00eda pozos, y con s\u00f3lo 6 ETAP de tipo convencional) las exigencias derivadas del nuevo Real Decreto 3\/2023, al tiempo que gestionar 304 puntos de vertido al medio\u00a0<\/p>\n<p>[\/et_pb_text][\/et_pb_column][\/et_pb_row][et_pb_row column_structure=\u00bb1_3,2_3&#8243; module_class=\u00bbrow-scrolltrigger-animated\u00bb _builder_version=\u00bb4.24.2&#8243; _module_preset=\u00bbdefault\u00bb background_color=\u00bb#00457D\u00bb background_image=\u00bbhttps:\/\/perteaigua.aiguesmanresa.cat\/wp-content\/uploads\/2024\/04\/depuradora-aigues-manresa-52502-scaled.jpg\u00bb background_blend=\u00bbmultiply\u00bb global_colors_info=\u00bb{}\u00bb][et_pb_column type=\u00bb1_3&#8243; _builder_version=\u00bb4.24.2&#8243; _module_preset=\u00bbdefault\u00bb global_colors_info=\u00bb{}\u00bb][et_pb_icon font_icon=\u00bb&#xe005;||fa||900&#8243; icon_color=\u00bb#FFFFFF\u00bb icon_width=\u00bb80px\u00bb _builder_version=\u00bb4.24.2&#8243; _module_preset=\u00bbdefault\u00bb global_colors_info=\u00bb{%22gcid-71964cb5-c3c3-43b2-bb5c-e8115d3aa9e4%22:%91%22icon_color%22,%22icon_color%22%93,%22gcid-4f09a617-b8fe-4205-953a-7b33d2c593d2%22:%91%22icon_color%22,%22icon_color%22%93}\u00bb][\/et_pb_icon][\/et_pb_column][et_pb_column type=\u00bb2_3&#8243; _builder_version=\u00bb4.24.2&#8243; _module_preset=\u00bbdefault\u00bb global_colors_info=\u00bb{}\u00bb][et_pb_text _builder_version=\u00bb4.24.2&#8243; _module_preset=\u00bb586a1f6e-0821-4661-9b51-a57f3d0a847f\u00bb global_colors_info=\u00bb{}\u00bb]<\/p>\n<h2>9<\/h2>\n<p><strong>Adaptar las infraestructuras<\/strong> del ciclo integral del agua a futuros escenarios de sequ\u00eda o inundaci\u00f3n causados por los efectos del cambio clim\u00e1tico, incrementando su resiliencia.<\/p>\n<p>[\/et_pb_text][\/et_pb_column][\/et_pb_row][et_pb_row column_structure=\u00bb1_3,2_3&#8243; module_class=\u00bbrow-scrolltrigger-animated\u00bb _builder_version=\u00bb4.24.2&#8243; _module_preset=\u00bbdefault\u00bb background_color=\u00bb#007D3A\u00bb background_image=\u00bbhttps:\/\/perteaigua.aiguesmanresa.cat\/wp-content\/uploads\/2024\/04\/20231124_121424230_iOS-scaled.jpg\u00bb background_blend=\u00bbmultiply\u00bb global_colors_info=\u00bb{}\u00bb][et_pb_column type=\u00bb1_3&#8243; _builder_version=\u00bb4.24.2&#8243; _module_preset=\u00bbdefault\u00bb global_colors_info=\u00bb{}\u00bb][et_pb_icon font_icon=\u00bb&#xf1b8;||fa||900&#8243; icon_color=\u00bb#FFFFFF\u00bb icon_width=\u00bb80px\u00bb _builder_version=\u00bb4.24.2&#8243; _module_preset=\u00bbdefault\u00bb locked=\u00bboff\u00bb global_colors_info=\u00bb{%22gcid-71964cb5-c3c3-43b2-bb5c-e8115d3aa9e4%22:%91%22icon_color%22,%22icon_color%22%93,%22gcid-4f09a617-b8fe-4205-953a-7b33d2c593d2%22:%91%22icon_color%22,%22icon_color%22%93}\u00bb][\/et_pb_icon][\/et_pb_column][et_pb_column type=\u00bb2_3&#8243; _builder_version=\u00bb4.24.2&#8243; _module_preset=\u00bbdefault\u00bb global_colors_info=\u00bb{}\u00bb][et_pb_text _builder_version=\u00bb4.24.2&#8243; _module_preset=\u00bb586a1f6e-0821-4661-9b51-a57f3d0a847f\u00bb global_colors_info=\u00bb{}\u00bb]<\/p>\n<h2>10<\/h2>\n<p>Sensibilizar a\u00fan m\u00e1s sobre el ciclo integral del agua entre la poblaci\u00f3n aumentando su conocimiento, potenciando la <strong>transparencia<\/strong> y su vinculaci\u00f3n social de un elemento esencial como es el agua, a trav\u00e9s de la creaci\u00f3n de un <strong>Observatorio Territorial del Agua<\/strong>.<\/p>\n<p>[\/et_pb_text][\/et_pb_column][\/et_pb_row][et_pb_row column_structure=\u00bb1_3,2_3&#8243; module_class=\u00bbrow-scrolltrigger-animated\u00bb _builder_version=\u00bb4.24.2&#8243; _module_preset=\u00bbdefault\u00bb background_color=\u00bb#00B994&#8243; background_image=\u00bbhttps:\/\/perteaigua.aiguesmanresa.cat\/wp-content\/uploads\/2024\/04\/etap-aigues-manresa-8297-scaled.jpg\u00bb background_blend=\u00bbmultiply\u00bb global_colors_info=\u00bb{}\u00bb][et_pb_column type=\u00bb1_3&#8243; _builder_version=\u00bb4.24.2&#8243; _module_preset=\u00bbdefault\u00bb global_colors_info=\u00bb{}\u00bb][et_pb_icon font_icon=\u00bb&#xf0c0;||fa||900&#8243; icon_color=\u00bb#FFFFFF\u00bb icon_width=\u00bb80px\u00bb _builder_version=\u00bb4.24.2&#8243; _module_preset=\u00bbdefault\u00bb global_colors_info=\u00bb{%22gcid-71964cb5-c3c3-43b2-bb5c-e8115d3aa9e4%22:%91%22icon_color%22,%22icon_color%22%93,%22gcid-4f09a617-b8fe-4205-953a-7b33d2c593d2%22:%91%22icon_color%22,%22icon_color%22%93}\u00bb][\/et_pb_icon][\/et_pb_column][et_pb_column type=\u00bb2_3&#8243; _builder_version=\u00bb4.24.2&#8243; _module_preset=\u00bbdefault\u00bb global_colors_info=\u00bb{}\u00bb][et_pb_text _builder_version=\u00bb4.24.2&#8243; _module_preset=\u00bb586a1f6e-0821-4661-9b51-a57f3d0a847f\u00bb global_colors_info=\u00bb{}\u00bb]<\/p>\n<h2>11<\/h2>\n<p><strong>Capacitar al personal<\/strong> propio de Aig\u00fces de Manresa con el desarrollo de nuevos perfiles profesionales, la creaci\u00f3n de puestos de trabajo especializados en el entorno digital y la automatizaci\u00f3n.<\/p>\n<p>[\/et_pb_text][\/et_pb_column][\/et_pb_row][et_pb_row column_structure=\u00bb1_3,2_3&#8243; module_class=\u00bbrow-scrolltrigger-animated\u00bb _builder_version=\u00bb4.24.2&#8243; _module_preset=\u00bbdefault\u00bb background_color=\u00bb#006C7D\u00bb background_image=\u00bbhttps:\/\/perteaigua.aiguesmanresa.cat\/wp-content\/uploads\/2024\/04\/20231019_082932483_iOS-scaled.jpg\u00bb background_blend=\u00bbmultiply\u00bb global_colors_info=\u00bb{}\u00bb][et_pb_column type=\u00bb1_3&#8243; _builder_version=\u00bb4.24.2&#8243; _module_preset=\u00bbdefault\u00bb global_colors_info=\u00bb{}\u00bb][et_pb_icon font_icon=\u00bb&#xe068;||fa||900&#8243; icon_color=\u00bb#FFFFFF\u00bb icon_width=\u00bb80px\u00bb _builder_version=\u00bb4.24.2&#8243; _module_preset=\u00bbdefault\u00bb global_colors_info=\u00bb{%22gcid-71964cb5-c3c3-43b2-bb5c-e8115d3aa9e4%22:%91%22icon_color%22,%22icon_color%22%93,%22gcid-4f09a617-b8fe-4205-953a-7b33d2c593d2%22:%91%22icon_color%22,%22icon_color%22%93}\u00bb][\/et_pb_icon][\/et_pb_column][et_pb_column type=\u00bb2_3&#8243; _builder_version=\u00bb4.24.2&#8243; _module_preset=\u00bbdefault\u00bb global_colors_info=\u00bb{}\u00bb][et_pb_text _builder_version=\u00bb4.24.2&#8243; _module_preset=\u00bb586a1f6e-0821-4661-9b51-a57f3d0a847f\u00bb global_colors_info=\u00bb{}\u00bb]<\/p>\n<h2>12<\/h2>\n<p>Compartir nuestra experiencia con otros operadores con problem\u00e1ticas y retos similares a trav\u00e9s de <strong>mentor\u00edas.<\/strong><\/p>\n<p>[\/et_pb_text][\/et_pb_column][\/et_pb_row][\/et_pb_section][et_pb_section fb_built=\u00bb1&#8243; admin_label=\u00bbActuacions\u00bb module_id=\u00bbseccio-scrolltrigger-actuacions\u00bb _builder_version=\u00bb4.24.2&#8243; _module_preset=\u00bbdefault\u00bb background_color=\u00bb#FFFFFF\u00bb background_enable_image=\u00bboff\u00bb background_size=\u00bbcontain\u00bb background_position=\u00bbtop_left\u00bb background_pattern_repeat_origin=\u00bbtop_center\u00bb custom_padding=\u00bb0px||||false|false\u00bb bottom_divider_height=\u00bb59px\u00bb global_colors_info=\u00bb{}\u00bb][et_pb_row module_id=\u00bbprojecte-objectius\u00bb module_class=\u00bbrow-scrolltrigger-title\u00bb _builder_version=\u00bb4.24.2&#8243; _module_preset=\u00bbdefault\u00bb background_color=\u00bbgcid-4f09a617-b8fe-4205-953a-7b33d2c593d2&#8243; width=\u00bb100%\u00bb max_width=\u00bbnone\u00bb custom_margin=\u00bb||3rem||false|false\u00bb custom_padding=\u00bb1rem||1rem||true|false\u00bb sticky_position=\u00bbtop\u00bb sticky_limit_bottom=\u00bbsection\u00bb sticky_position_tablet=\u00bbnone\u00bb sticky_position_phone=\u00bbnone\u00bb sticky_position_last_edited=\u00bbon|desktop\u00bb border_width_bottom=\u00bb2px\u00bb border_color_bottom=\u00bb#ffffff\u00bb global_colors_info=\u00bb{%22gcid-4f09a617-b8fe-4205-953a-7b33d2c593d2%22:%91%22background_color%22%93}\u00bb][et_pb_column type=\u00bb4_4&#8243; _builder_version=\u00bb4.24.2&#8243; _module_preset=\u00bbdefault\u00bb global_colors_info=\u00bb{}\u00bb][et_pb_text _builder_version=\u00bb4.24.2&#8243; _module_preset=\u00bb9d3c0e8a-47fa-48f9-bbbc-84228daf8a0a\u00bb text_orientation=\u00bbcenter\u00bb background_layout=\u00bbdark\u00bb custom_margin=\u00bb10px|20px|10px|20px|true|true\u00bb custom_padding=\u00bb||||false|false\u00bb global_colors_info=\u00bb{}\u00bb text_font_size__hover_enabled=\u00bboff|desktop\u00bb text_font_size__sticky_enabled=\u00bbon|sticky\u00bb text_font_size__sticky=\u00bb1rem\u00bb header_3_font_size__sticky_enabled=\u00bbon|sticky\u00bb header_3_font_size__sticky=\u00bb2.2rem\u00bb custom_margin__sticky_enabled=\u00bbon|sticky\u00bb custom_margin__sticky=\u00bb0px||0px||true|true\u00bb]<\/p>\n<h3>Actuaciones<\/h3>\n<p>La ejecuci\u00f3n del proyecto se reparte en 12 actuaciones que cuentan con diversas tareas.<\/p>\n<p>[\/et_pb_text][\/et_pb_column][\/et_pb_row][et_pb_row column_structure=\u00bb1_4,3_4&#8243; module_class=\u00bbrow-scrolltrigger-animated\u00bb _builder_version=\u00bb4.24.2&#8243; _module_preset=\u00bbdefault\u00bb background_color=\u00bbRGBA(255,255,255,0)\u00bb background_enable_image=\u00bboff\u00bb parallax=\u00bbon\u00bb min_height=\u00bb396.5px\u00bb custom_margin=\u00bb25px||25px||true|false\u00bb border_radii=\u00bbon|10px|10px|10px|10px\u00bb border_width_all=\u00bb3px\u00bb border_color_all=\u00bb#006C7D\u00bb global_colors_info=\u00bb{}\u00bb][et_pb_column type=\u00bb1_4&#8243; _builder_version=\u00bb4.24.2&#8243; _module_preset=\u00bbdefault\u00bb background_color=\u00bbRGBA(255,255,255,0)\u00bb background_enable_image=\u00bboff\u00bb parallax=\u00bbon\u00bb global_colors_info=\u00bb{}\u00bb][et_pb_icon font_icon=\u00bb&#x6c;||divi||400&#8243; icon_color=\u00bb#006C7D\u00bb icon_width=\u00bb80px\u00bb _builder_version=\u00bb4.24.2&#8243; _module_preset=\u00bbdefault\u00bb global_colors_info=\u00bb{}\u00bb][\/et_pb_icon][\/et_pb_column][et_pb_column type=\u00bb3_4&#8243; _builder_version=\u00bb4.24.2&#8243; _module_preset=\u00bbdefault\u00bb global_colors_info=\u00bb{}\u00bb][et_pb_text admin_label=\u00bb01&#8243; _builder_version=\u00bb4.24.2&#8243; _module_preset=\u00bb586a1f6e-0821-4661-9b51-a57f3d0a847f\u00bb text_text_color=\u00bb#252525&#8243; header_text_color=\u00bb#006C7D\u00bb background_color=\u00bbRGBA(255,255,255,0)\u00bb max_width=\u00bb769px\u00bb global_colors_info=\u00bb{}\u00bb]<\/p>\n<h4><span style=\"color: #006c7d;\">01 . Planeamiento y cambio clim\u00e1tico<\/span><\/h4>\n<p>Queremos disponer de una herramienta eficiente en la planificaci\u00f3n y ejecuci\u00f3n de inversiones con la elaboraci\u00f3n de un Plan Director Supramunicipal del Ciclo Integral del Agua a trav\u00e9s del cual obtener una visi\u00f3n conjunta y coherente de los distintos sistemas que conforman el ciclo integral del agua. A partir de este plan director, redactar y\/o actualizar el resto de planes. En los municipios en los que se explota el ciclo integral del agua, adem\u00e1s, adaptarlos a la planificaci\u00f3n existente, generalmente de suministro y saneamiento, e integrarlo en un \u00fanico plano.<\/p>\n<p><span style=\"color: #008080;\"><strong>Presupuesto total de esta actuaci\u00f3n: 448.984,25 \u20ac<\/strong><\/span><\/p>\n<p>[\/et_pb_text][\/et_pb_column][\/et_pb_row][et_pb_row column_structure=\u00bb1_4,3_4&#8243; module_class=\u00bbrow-scrolltrigger-animated\u00bb _builder_version=\u00bb4.24.2&#8243; _module_preset=\u00bbdefault\u00bb background_color=\u00bbRGBA(255,255,255,0)\u00bb background_enable_image=\u00bboff\u00bb parallax=\u00bbon\u00bb custom_margin=\u00bb25px||25px||true|false\u00bb border_radii=\u00bbon|10px|10px|10px|10px\u00bb border_width_all=\u00bb3px\u00bb border_color_all=\u00bb#42C0C6&#8243; global_colors_info=\u00bb{}\u00bb][et_pb_column type=\u00bb1_4&#8243; _builder_version=\u00bb4.24.2&#8243; _module_preset=\u00bbdefault\u00bb background_color=\u00bbRGBA(255,255,255,0)\u00bb background_enable_image=\u00bboff\u00bb parallax=\u00bbon\u00bb global_colors_info=\u00bb{}\u00bb][et_pb_icon font_icon=\u00bb&#xe0ff;||divi||400&#8243; icon_color=\u00bb#42C0C6&#8243; icon_width=\u00bb80px\u00bb _builder_version=\u00bb4.24.2&#8243; _module_preset=\u00bbdefault\u00bb global_colors_info=\u00bb{}\u00bb][\/et_pb_icon][\/et_pb_column][et_pb_column type=\u00bb3_4&#8243; _builder_version=\u00bb4.24.2&#8243; _module_preset=\u00bbdefault\u00bb global_colors_info=\u00bb{}\u00bb][et_pb_text admin_label=\u00bb02&#8243; _builder_version=\u00bb4.24.2&#8243; _module_preset=\u00bb586a1f6e-0821-4661-9b51-a57f3d0a847f\u00bb text_text_color=\u00bb#252525&#8243; background_color=\u00bbRGBA(255,255,255,0)\u00bb max_width=\u00bb769px\u00bb global_colors_info=\u00bb{}\u00bb]<\/p>\n<h4><span style=\"color: #33cccc;\">02. Balance hidr\u00e1ulico<\/span><\/h4>\n<p>Completar la digitalizaci\u00f3n a efectos de c\u00e1lculo del balance de los diferentes sistemas de la red de agua potable, alcantarillado y depuraci\u00f3n, incluidas las captaciones y vertidos. Se han definido 11 niveles, con el objetivo de disponer de un balance hidr\u00e1ulico global del ciclo integral del agua en tiempo seco y en tiempo de lluvia, y de varios balances parciales producto de la interconexi\u00f3n de los sistemas a trav\u00e9s de ecuaci\u00f3n de continuidad de la masa. A tal efecto, se utilizar\u00e1n sensores de caudal y sensores de presi\u00f3n, para poder trabajar correctamente con modelos hidr\u00e1ulicos de alta definici\u00f3n espacial y temporal.<\/p>\n<p><span style=\"color: #33cccc;\"><strong>Presupuesto total de esta actuaci\u00f3n: 2.282.042,45 \u20ac<\/strong><\/span><\/p>\n<p>[\/et_pb_text][\/et_pb_column][\/et_pb_row][et_pb_row column_structure=\u00bb1_4,3_4&#8243; module_class=\u00bbrow-scrolltrigger-animated\u00bb _builder_version=\u00bb4.24.2&#8243; _module_preset=\u00bbdefault\u00bb background_color=\u00bbRGBA(255,255,255,0)\u00bb background_enable_image=\u00bboff\u00bb parallax=\u00bbon\u00bb custom_margin=\u00bb25px||25px||true|false\u00bb border_radii=\u00bbon|10px|10px|10px|10px\u00bb border_width_all=\u00bb3px\u00bb border_color_all=\u00bb#00B994&#8243; global_colors_info=\u00bb{}\u00bb][et_pb_column type=\u00bb1_4&#8243; _builder_version=\u00bb4.24.2&#8243; _module_preset=\u00bbdefault\u00bb background_color=\u00bbRGBA(255,255,255,0)\u00bb background_enable_image=\u00bboff\u00bb parallax=\u00bbon\u00bb global_colors_info=\u00bb{}\u00bb][et_pb_icon font_icon=\u00bb&#xf492;||fa||900&#8243; icon_color=\u00bb#00B994&#8243; icon_width=\u00bb80px\u00bb _builder_version=\u00bb4.24.2&#8243; _module_preset=\u00bbdefault\u00bb global_colors_info=\u00bb{}\u00bb][\/et_pb_icon][\/et_pb_column][et_pb_column type=\u00bb3_4&#8243; _builder_version=\u00bb4.24.2&#8243; _module_preset=\u00bbdefault\u00bb global_colors_info=\u00bb{}\u00bb][et_pb_text admin_label=\u00bb03&#8243; _builder_version=\u00bb4.24.2&#8243; _module_preset=\u00bb586a1f6e-0821-4661-9b51-a57f3d0a847f\u00bb text_text_color=\u00bb#252525&#8243; header_text_color=\u00bb#00B994&#8243; header_4_text_color=\u00bb#00B994&#8243; background_color=\u00bbRGBA(255,255,255,0)\u00bb max_width=\u00bb769px\u00bb global_colors_info=\u00bb{}\u00bb]<\/p>\n<h4>03. Calidad y contaminaci\u00f3n<\/h4>\n<p>Implantar un sistema de sensorizaci\u00f3n para obtener una buena caracterizaci\u00f3n y datos de alta calidad sobre la calidad del agua en redes de suministro y contaminaci\u00f3n en redes de saneamiento a lo largo de todo el ciclo del agua. La finalidad es la de disponer de herramientas, sensores y capacidad anal\u00edtica, con la que suplir las carencias de las ETAP y las simples cloraciones mediante el control y conocimiento con caracterizaci\u00f3n del agua captada y servida, a la vez que en saneamiento se dipsoa de un sistemas con el que operar los 304 puntos de vertido de los que consta el sistema y determinar la contaminaci\u00f3n vertida al medio en tiempo de lluvia.<\/p>\n<p><span style=\"color: #00b994;\"><strong>Presupuesto total de esta actuaci\u00f3n: 1.381.954,95 \u20ac<\/strong><\/span><\/p>\n<p>[\/et_pb_text][\/et_pb_column][\/et_pb_row][et_pb_row column_structure=\u00bb1_4,3_4&#8243; module_class=\u00bbrow-scrolltrigger-animated\u00bb _builder_version=\u00bb4.24.2&#8243; _module_preset=\u00bbdefault\u00bb background_color=\u00bbRGBA(255,255,255,0)\u00bb background_enable_image=\u00bboff\u00bb parallax=\u00bbon\u00bb custom_margin=\u00bb25px||25px||true|false\u00bb border_radii=\u00bbon|10px|10px|10px|10px\u00bb border_width_all=\u00bb3px\u00bb border_color_all=\u00bb#CF5D17&#8243; global_colors_info=\u00bb{}\u00bb][et_pb_column type=\u00bb1_4&#8243; _builder_version=\u00bb4.24.2&#8243; _module_preset=\u00bbdefault\u00bb background_color=\u00bbRGBA(255,255,255,0)\u00bb background_enable_image=\u00bboff\u00bb parallax=\u00bbon\u00bb global_colors_info=\u00bb{}\u00bb][et_pb_icon font_icon=\u00bb&#xf0e7;||fa||900&#8243; icon_color=\u00bb#CF5D17&#8243; icon_width=\u00bb80px\u00bb _builder_version=\u00bb4.24.2&#8243; _module_preset=\u00bbdefault\u00bb global_colors_info=\u00bb{}\u00bb][\/et_pb_icon][\/et_pb_column][et_pb_column type=\u00bb3_4&#8243; _builder_version=\u00bb4.24.2&#8243; _module_preset=\u00bbdefault\u00bb global_colors_info=\u00bb{}\u00bb][et_pb_text admin_label=\u00bb04&#8243; _builder_version=\u00bb4.24.2&#8243; _module_preset=\u00bb586a1f6e-0821-4661-9b51-a57f3d0a847f\u00bb text_text_color=\u00bb#252525&#8243; header_text_color=\u00bb#00B994&#8243; header_4_text_color=\u00bb#CF5D17&#8243; background_color=\u00bbRGBA(255,255,255,0)\u00bb max_width=\u00bb769px\u00bb global_colors_info=\u00bb{}\u00bb]<\/p>\n<h4>04. Eficiencia energ\u00e9tica<\/h4>\n<p>Instalaci\u00f3n de nuevos sistemas, con el fin de incrementar la eficiencia y reducir el coste energ\u00e9tico a trav\u00e9s de la generaci\u00f3n de energ\u00edas renovables y el uso de sensores para optimizar el funcionamiento de los equipos electromec\u00e1nicos, buscando el equilibrio entre eficiencia, calidad y disponibilidad del elemento.<\/p>\n<p><span style=\"color: #cf5d17;\"><strong>Presupuesto total de esta actuaci\u00f3n: 1.829.866,04 \u20ac<\/strong><\/span><\/p>\n<p>[\/et_pb_text][\/et_pb_column][\/et_pb_row][et_pb_row column_structure=\u00bb1_4,3_4&#8243; module_class=\u00bbrow-scrolltrigger-animated\u00bb _builder_version=\u00bb4.24.2&#8243; _module_preset=\u00bbdefault\u00bb background_color=\u00bbRGBA(255,255,255,0)\u00bb background_enable_image=\u00bboff\u00bb parallax=\u00bbon\u00bb custom_margin=\u00bb25px||25px||true|false\u00bb border_radii=\u00bbon|10px|10px|10px|10px\u00bb border_width_all=\u00bb3px\u00bb border_color_all=\u00bb#4D4D4D\u00bb global_colors_info=\u00bb{}\u00bb][et_pb_column type=\u00bb1_4&#8243; _builder_version=\u00bb4.24.2&#8243; _module_preset=\u00bbdefault\u00bb background_color=\u00bbRGBA(255,255,255,0)\u00bb background_enable_image=\u00bboff\u00bb parallax=\u00bbon\u00bb global_colors_info=\u00bb{}\u00bb][et_pb_icon font_icon=\u00bb&#xf2db;||fa||900&#8243; icon_color=\u00bb#4D4D4D\u00bb icon_width=\u00bb80px\u00bb _builder_version=\u00bb4.24.2&#8243; _module_preset=\u00bbdefault\u00bb global_colors_info=\u00bb{}\u00bb][\/et_pb_icon][\/et_pb_column][et_pb_column type=\u00bb3_4&#8243; _builder_version=\u00bb4.24.2&#8243; _module_preset=\u00bbdefault\u00bb global_colors_info=\u00bb{}\u00bb][et_pb_text admin_label=\u00bb05&#8243; _builder_version=\u00bb4.24.2&#8243; _module_preset=\u00bb586a1f6e-0821-4661-9b51-a57f3d0a847f\u00bb text_text_color=\u00bb#252525&#8243; header_text_color=\u00bb#00B994&#8243; header_4_text_color=\u00bb#4D4D4D\u00bb background_color=\u00bbRGBA(255,255,255,0)\u00bb max_width=\u00bb769px\u00bb global_colors_info=\u00bb{}\u00bb]<\/p>\n<h4>05. Datos y comunicaciones<\/h4>\n<p>Desarrollo e instalaci\u00f3n de nuevas infraestructuras de telecomunicaciones, preparando las infraestructuras para los nuevos escenarios previstos en los pr\u00f3ximos a\u00f1os. Uso generalizado del EDGE COMPUTING con el fin de optimizar el funcionamiento del sistema.<\/p>\n<p><span style=\"color: #4d4d4d;\"><strong>Presupuesto total de esta actuaci\u00f3n: 1.723.455,88 \u20ac<\/strong><\/span><\/p>\n<p>[\/et_pb_text][\/et_pb_column][\/et_pb_row][et_pb_row column_structure=\u00bb1_4,3_4&#8243; module_class=\u00bbrow-scrolltrigger-animated\u00bb _builder_version=\u00bb4.24.2&#8243; _module_preset=\u00bbdefault\u00bb background_color=\u00bbRGBA(255,255,255,0)\u00bb background_enable_image=\u00bboff\u00bb parallax=\u00bbon\u00bb custom_margin=\u00bb25px||25px||true|false\u00bb border_radii=\u00bbon|10px|10px|10px|10px\u00bb border_width_all=\u00bb3px\u00bb border_color_all=\u00bb#006680&#8243; global_colors_info=\u00bb{}\u00bb][et_pb_column type=\u00bb1_4&#8243; _builder_version=\u00bb4.24.2&#8243; _module_preset=\u00bbdefault\u00bb background_color=\u00bbRGBA(255,255,255,0)\u00bb background_enable_image=\u00bboff\u00bb parallax=\u00bbon\u00bb global_colors_info=\u00bb{}\u00bb][et_pb_icon font_icon=\u00bb&#xf233;||fa||900&#8243; icon_color=\u00bb#006680&#8243; icon_width=\u00bb80px\u00bb _builder_version=\u00bb4.24.2&#8243; _module_preset=\u00bbdefault\u00bb global_colors_info=\u00bb{}\u00bb][\/et_pb_icon][\/et_pb_column][et_pb_column type=\u00bb3_4&#8243; _builder_version=\u00bb4.24.2&#8243; _module_preset=\u00bbdefault\u00bb global_colors_info=\u00bb{}\u00bb][et_pb_text admin_label=\u00bb06&#8243; _builder_version=\u00bb4.24.2&#8243; _module_preset=\u00bb586a1f6e-0821-4661-9b51-a57f3d0a847f\u00bb text_text_color=\u00bb#252525&#8243; header_text_color=\u00bb#00B994&#8243; header_4_text_color=\u00bb#006680&#8243; background_color=\u00bbRGBA(255,255,255,0)\u00bb max_width=\u00bb769px\u00bb global_colors_info=\u00bb{}\u00bb]<\/p>\n<h4>06. Tratamiento de los datos y puesta en valor de la informaci\u00f3n<\/h4>\n<p>Dise\u00f1o de las herramientas para el tratamiento de los datos proporcionados por los sensores con la aplicaci\u00f3n de herramientas de inteligencia artificial (IA), para optimizar los par\u00e1metros de calidad y contaminaci\u00f3n y prevenir las consecuencias de los posibles escenarios futuros debidas al cambio clim\u00e1tico .<\/p>\n<p><span style=\"color: #006680;\"><strong>Presupuesto total de esta actuaci\u00f3n: 642.675 \u20ac<\/strong><\/span><\/p>\n<p>[\/et_pb_text][\/et_pb_column][\/et_pb_row][et_pb_row column_structure=\u00bb1_4,3_4&#8243; module_class=\u00bbrow-scrolltrigger-animated\u00bb _builder_version=\u00bb4.24.2&#8243; _module_preset=\u00bbdefault\u00bb background_color=\u00bbRGBA(255,255,255,0)\u00bb background_enable_image=\u00bboff\u00bb parallax=\u00bbon\u00bb custom_margin=\u00bb25px||25px||true|false\u00bb border_radii=\u00bbon|10px|10px|10px|10px\u00bb border_width_all=\u00bb3px\u00bb border_color_all=\u00bb#83CDEC\u00bb global_colors_info=\u00bb{}\u00bb][et_pb_column type=\u00bb1_4&#8243; _builder_version=\u00bb4.24.2&#8243; _module_preset=\u00bbdefault\u00bb background_color=\u00bbRGBA(255,255,255,0)\u00bb background_enable_image=\u00bboff\u00bb parallax=\u00bbon\u00bb global_colors_info=\u00bb{}\u00bb][et_pb_icon font_icon=\u00bb&#xf4c1;||fa||900&#8243; icon_color=\u00bb#83CDEC\u00bb icon_width=\u00bb80px\u00bb _builder_version=\u00bb4.24.2&#8243; _module_preset=\u00bbdefault\u00bb global_colors_info=\u00bb{}\u00bb][\/et_pb_icon][\/et_pb_column][et_pb_column type=\u00bb3_4&#8243; _builder_version=\u00bb4.24.2&#8243; _module_preset=\u00bbdefault\u00bb global_colors_info=\u00bb{}\u00bb][et_pb_text admin_label=\u00bb07&#8243; _builder_version=\u00bb4.24.2&#8243; _module_preset=\u00bb586a1f6e-0821-4661-9b51-a57f3d0a847f\u00bb text_text_color=\u00bb#252525&#8243; header_text_color=\u00bb#00B994&#8243; header_4_text_color=\u00bb#83CDEC\u00bb background_color=\u00bbRGBA(255,255,255,0)\u00bb max_width=\u00bb769px\u00bb global_colors_info=\u00bb{}\u00bb]<\/p>\n<h4>07. Modelizaci\u00f3n hidr\u00e1ulica<\/h4>\n<p>Incrementar la resoluci\u00f3n y prestaciones de la modelizaci\u00f3n de toda la red hidr\u00e1ulica con el fin de convertirla en una herramienta de uso habitual y al mismo tiempo poder probar soluciones y consecuencias del cambio clim\u00e1tico, prestando especial atenci\u00f3n a las zonas m\u00e1s sensibles y vulnerables.<\/p>\n<p><span style=\"color: #83cdec;\"><strong>Presupuesto total de esta actuaci\u00f3n: 808.037,50 \u20ac<\/strong><\/span><\/p>\n<p>[\/et_pb_text][\/et_pb_column][\/et_pb_row][et_pb_row column_structure=\u00bb1_4,3_4&#8243; module_class=\u00bbrow-scrolltrigger-animated\u00bb _builder_version=\u00bb4.24.2&#8243; _module_preset=\u00bbdefault\u00bb background_color=\u00bbRGBA(255,255,255,0)\u00bb background_enable_image=\u00bboff\u00bb parallax=\u00bbon\u00bb custom_margin=\u00bb25px||25px||true|false\u00bb border_radii=\u00bbon|10px|10px|10px|10px\u00bb border_width_all=\u00bb3px\u00bb border_color_all=\u00bbgcid-29c29ba8-9183-42e5-b161-fa6197a095a5&#8243; global_colors_info=\u00bb{%22gcid-29c29ba8-9183-42e5-b161-fa6197a095a5%22:%91%22border_color_all%22%93}\u00bb][et_pb_column type=\u00bb1_4&#8243; _builder_version=\u00bb4.24.2&#8243; _module_preset=\u00bbdefault\u00bb background_color=\u00bbRGBA(255,255,255,0)\u00bb background_enable_image=\u00bboff\u00bb parallax=\u00bbon\u00bb global_colors_info=\u00bb{}\u00bb][et_pb_icon font_icon=\u00bb&#x55;||divi||400&#8243; icon_color=\u00bbgcid-29c29ba8-9183-42e5-b161-fa6197a095a5&#8243; icon_width=\u00bb80px\u00bb _builder_version=\u00bb4.24.2&#8243; _module_preset=\u00bbdefault\u00bb global_colors_info=\u00bb{%22gcid-29c29ba8-9183-42e5-b161-fa6197a095a5%22:%91%22icon_color%22%93}\u00bb][\/et_pb_icon][\/et_pb_column][et_pb_column type=\u00bb3_4&#8243; _builder_version=\u00bb4.24.2&#8243; _module_preset=\u00bbdefault\u00bb global_colors_info=\u00bb{}\u00bb][et_pb_text admin_label=\u00bb08&#8243; _builder_version=\u00bb4.24.2&#8243; _module_preset=\u00bb586a1f6e-0821-4661-9b51-a57f3d0a847f\u00bb text_text_color=\u00bb#252525&#8243; header_text_color=\u00bbgcid-29c29ba8-9183-42e5-b161-fa6197a095a5&#8243; header_4_text_color=\u00bbgcid-29c29ba8-9183-42e5-b161-fa6197a095a5&#8243; background_color=\u00bbRGBA(255,255,255,0)\u00bb max_width=\u00bb769px\u00bb global_colors_info=\u00bb{%22gcid-29c29ba8-9183-42e5-b161-fa6197a095a5%22:%91%22header_text_color%22,%22header_4_text_color%22%93}\u00bb]<\/p>\n<h4>08. Comunicaci\u00f3n y transparencia<\/h4>\n<p>Potenciar la transparencia y participaci\u00f3n de la sociedad, poniendo especial \u00e9nfasis en la comunidad de la que formamos parte, a trav\u00e9s de la creaci\u00f3n de un Observatorio del Agua, que re\u00fana a agentes pol\u00edticos, sociales, acad\u00e9micos y gubernamentales. Impulsar al digitalizaci\u00f3n a empresas de caracter\u00edsticas similares a la nuestra, adem\u00e1s del acompa\u00f1amiento y mentorizaci\u00f3n de otras explotadoras.<\/p>\n<p><span style=\"color: #5700af;\"><strong>Presupuesto total de esta actuaci\u00f3n: 256.025 \u20ac<\/strong><\/span><\/p>\n<p>[\/et_pb_text][\/et_pb_column][\/et_pb_row][et_pb_row column_structure=\u00bb1_4,3_4&#8243; module_class=\u00bbrow-scrolltrigger-animated\u00bb _builder_version=\u00bb4.24.2&#8243; _module_preset=\u00bbdefault\u00bb background_color=\u00bbRGBA(255,255,255,0)\u00bb background_enable_image=\u00bboff\u00bb parallax=\u00bbon\u00bb custom_margin=\u00bb25px||25px||false|false\u00bb border_radii=\u00bbon|10px|10px|10px|10px\u00bb border_width_all=\u00bb3px\u00bb border_color_all=\u00bb#CF9717&#8243; global_colors_info=\u00bb{}\u00bb][et_pb_column type=\u00bb1_4&#8243; _builder_version=\u00bb4.24.2&#8243; _module_preset=\u00bbdefault\u00bb background_color=\u00bbRGBA(255,255,255,0)\u00bb background_enable_image=\u00bboff\u00bb parallax=\u00bbon\u00bb global_colors_info=\u00bb{}\u00bb][et_pb_icon font_icon=\u00bb&#xf51c;||fa||900&#8243; icon_color=\u00bb#CF9717&#8243; icon_width=\u00bb80px\u00bb _builder_version=\u00bb4.24.2&#8243; _module_preset=\u00bbdefault\u00bb global_colors_info=\u00bb{}\u00bb][\/et_pb_icon][\/et_pb_column][et_pb_column type=\u00bb3_4&#8243; _builder_version=\u00bb4.24.2&#8243; _module_preset=\u00bbdefault\u00bb global_colors_info=\u00bb{}\u00bb][et_pb_text admin_label=\u00bb09&#8243; _builder_version=\u00bb4.24.2&#8243; _module_preset=\u00bb586a1f6e-0821-4661-9b51-a57f3d0a847f\u00bb text_text_color=\u00bb#252525&#8243; header_text_color=\u00bbgcid-29c29ba8-9183-42e5-b161-fa6197a095a5&#8243; header_4_text_color=\u00bb#CF9717&#8243; background_color=\u00bbRGBA(255,255,255,0)\u00bb max_width=\u00bb769px\u00bb global_colors_info=\u00bb{%22gcid-29c29ba8-9183-42e5-b161-fa6197a095a5%22:%91%22header_text_color%22%93}\u00bb]<\/p>\n<h4>09. Formaci\u00f3n<\/h4>\n<p>Dise\u00f1ar, elaborar e implementar formaci\u00f3n espec\u00edfica de nuevas habilidades digitales para las personas trabajadoras actuales y futuras, contribuyendo a la creaci\u00f3n de nuevos perfiles profesionales y potenciando la adaptaci\u00f3n a las nuevas tecnolog\u00edas del propio personal.<\/p>\n<p><span style=\"color: #cf9717;\"><strong>Presupuesto total de esta actuaci\u00f3n: 0 \u20ac\u00a0<\/strong><\/span><\/p>\n<p><span style=\"font-size: medium;\">* Esta actuaci\u00f3n qued\u00f3 fuera del proyecto, pero se llevar\u00e1 a cabo ya que es necesaria para la transformaci\u00f3n de la empresa, por un valor de 140.000 \u20ac (parcialmente a cuenta de Fundae).<\/span><\/p>\n<p>[\/et_pb_text][\/et_pb_column][\/et_pb_row][et_pb_row column_structure=\u00bb1_4,3_4&#8243; module_class=\u00bbrow-scrolltrigger-animated\u00bb _builder_version=\u00bb4.24.2&#8243; _module_preset=\u00bbdefault\u00bb background_color=\u00bbRGBA(255,255,255,0)\u00bb background_enable_image=\u00bboff\u00bb parallax=\u00bbon\u00bb custom_margin=\u00bb25px||25px||false|false\u00bb border_radii=\u00bbon|11px|11px|11px|11px\u00bb border_width_all=\u00bb3px\u00bb border_color_all=\u00bb#00457D\u00bb global_colors_info=\u00bb{}\u00bb][et_pb_column type=\u00bb1_4&#8243; _builder_version=\u00bb4.24.2&#8243; _module_preset=\u00bbdefault\u00bb background_color=\u00bbRGBA(255,255,255,0)\u00bb background_enable_image=\u00bboff\u00bb parallax=\u00bbon\u00bb global_colors_info=\u00bb{}\u00bb][et_pb_icon font_icon=\u00bb&#xe0d9;||divi||400&#8243; icon_color=\u00bb#00457D\u00bb icon_width=\u00bb80px\u00bb _builder_version=\u00bb4.24.2&#8243; _module_preset=\u00bbdefault\u00bb global_colors_info=\u00bb{}\u00bb][\/et_pb_icon][\/et_pb_column][et_pb_column type=\u00bb3_4&#8243; _builder_version=\u00bb4.24.2&#8243; _module_preset=\u00bbdefault\u00bb global_colors_info=\u00bb{}\u00bb][et_pb_text admin_label=\u00bb10&#8243; _builder_version=\u00bb4.24.2&#8243; _module_preset=\u00bb586a1f6e-0821-4661-9b51-a57f3d0a847f\u00bb text_text_color=\u00bb#252525&#8243; header_text_color=\u00bb#00457D\u00bb header_4_text_color=\u00bb#00457D\u00bb background_color=\u00bbRGBA(255,255,255,0)\u00bb max_width=\u00bb769px\u00bb global_colors_info=\u00bb{}\u00bb]<\/p>\n<h4>10. Ciberseguridad y seguridad<\/h4>\n<p>Aumentar la ciberseguridad y seguridad de las infraestructuras, garantizando la calidad y garant\u00eda sanitaria del servicio, as\u00ed como potenciando la protecci\u00f3n del personal trabajadores a trav\u00e9s del uso de nuevas tecnolog\u00edas.<\/p>\n<p><span style=\"color: #00457d;\"><strong>Presupuesto total de esta actuaci\u00f3n: 193.325 \u20ac<\/strong><\/span><\/p>\n<p>[\/et_pb_text][\/et_pb_column][\/et_pb_row][et_pb_row column_structure=\u00bb1_4,3_4&#8243; module_class=\u00bbrow-scrolltrigger-animated\u00bb _builder_version=\u00bb4.24.2&#8243; _module_preset=\u00bbdefault\u00bb background_color=\u00bbRGBA(255,255,255,0)\u00bb background_enable_image=\u00bboff\u00bb parallax=\u00bbon\u00bb custom_margin=\u00bb25px||25px||false|false\u00bb border_radii=\u00bbon|10px|10px|10px|10px\u00bb border_width_all=\u00bb3px\u00bb border_color_all=\u00bb#008071&#8243; global_colors_info=\u00bb{}\u00bb][et_pb_column type=\u00bb1_4&#8243; _builder_version=\u00bb4.24.2&#8243; _module_preset=\u00bbdefault\u00bb background_color=\u00bbRGBA(255,255,255,0)\u00bb background_enable_image=\u00bboff\u00bb parallax=\u00bbon\u00bb global_colors_info=\u00bb{}\u00bb][et_pb_icon font_icon=\u00bb&#xf7c4;||fa||900&#8243; icon_color=\u00bb#008071&#8243; icon_width=\u00bb80px\u00bb _builder_version=\u00bb4.24.2&#8243; _module_preset=\u00bbdefault\u00bb global_colors_info=\u00bb{}\u00bb][\/et_pb_icon][\/et_pb_column][et_pb_column type=\u00bb3_4&#8243; _builder_version=\u00bb4.24.2&#8243; _module_preset=\u00bbdefault\u00bb global_colors_info=\u00bb{}\u00bb][et_pb_text admin_label=\u00bb11&#8243; _builder_version=\u00bb4.24.2&#8243; _module_preset=\u00bb586a1f6e-0821-4661-9b51-a57f3d0a847f\u00bb text_text_color=\u00bb#252525&#8243; header_text_color=\u00bb#00457D\u00bb header_4_text_color=\u00bb#008071&#8243; background_color=\u00bbRGBA(255,255,255,0)\u00bb max_width=\u00bb769px\u00bb global_colors_info=\u00bb{}\u00bb]<\/p>\n<h4>11. Definici\u00f3n tecnol\u00f3gica y reingenier\u00eda de procesos digitales<\/h4>\n<p>Emprender una reingenier\u00eda digital en la empresa, que acompa\u00f1e todo el proceso de transformaci\u00f3n digital, con la elaboraci\u00f3n de planes directores, determinaci\u00f3n de los requerimientos tecnol\u00f3gicos y an\u00e1lisis y mejora de flujos de informaci\u00f3n.<\/p>\n<p><span style=\"color: #008071;\"><strong>Presupuesto total de esta actuaci\u00f3n: 654.170 \u20ac<\/strong><\/span><\/p>\n<p>[\/et_pb_text][\/et_pb_column][\/et_pb_row][et_pb_row column_structure=\u00bb1_4,3_4&#8243; module_class=\u00bbrow-scrolltrigger-animated\u00bb _builder_version=\u00bb4.24.2&#8243; _module_preset=\u00bbdefault\u00bb background_color=\u00bbRGBA(255,255,255,0)\u00bb background_enable_image=\u00bboff\u00bb parallax=\u00bbon\u00bb custom_margin=\u00bb25px||25px||false|false\u00bb custom_padding=\u00bb||||false|false\u00bb border_radii=\u00bbon|10px|10px|10px|10px\u00bb border_width_all=\u00bb3px\u00bb border_color_all=\u00bb#520025&#8243; global_colors_info=\u00bb{}\u00bb][et_pb_column type=\u00bb1_4&#8243; _builder_version=\u00bb4.24.2&#8243; _module_preset=\u00bbdefault\u00bb background_color=\u00bbRGBA(255,255,255,0)\u00bb background_enable_image=\u00bboff\u00bb parallax=\u00bbon\u00bb global_colors_info=\u00bb{}\u00bb][et_pb_icon font_icon=\u00bb&#xf1c0;||fa||900&#8243; icon_color=\u00bb#520025&#8243; icon_width=\u00bb80px\u00bb _builder_version=\u00bb4.24.2&#8243; _module_preset=\u00bbdefault\u00bb global_colors_info=\u00bb{}\u00bb][\/et_pb_icon][\/et_pb_column][et_pb_column type=\u00bb3_4&#8243; _builder_version=\u00bb4.24.2&#8243; _module_preset=\u00bbdefault\u00bb global_colors_info=\u00bb{}\u00bb][et_pb_text admin_label=\u00bb12&#8243; _builder_version=\u00bb4.24.2&#8243; _module_preset=\u00bb586a1f6e-0821-4661-9b51-a57f3d0a847f\u00bb text_text_color=\u00bb#252525&#8243; header_text_color=\u00bb#00457D\u00bb header_4_text_color=\u00bbgcid-64c1610c-7fe0-4755-b69b-5af89f56935a\u00bb background_color=\u00bbRGBA(255,255,255,0)\u00bb max_width=\u00bb769px\u00bb global_colors_info=\u00bb{%22gcid-64c1610c-7fe0-4755-b69b-5af89f56935a%22:%91%22header_4_text_color%22%93}\u00bb]<\/p>\n<h4>12. Sistemas inform\u00e1ticos<\/h4>\n<p>Dotar a la empresa de los recursos inform\u00e1ticos necesarios para poder gestionar los datos y procesos de an\u00e1lisis que se van a generar y asegurar la independencia y autonom\u00eda de los nuevos procedimientos.<\/p>\n<p><span style=\"color: #520025;\"><strong>Presupuesto total de esta actuaci\u00f3n: 407.550 \u20ac<\/strong><\/span><\/p>\n<p>[\/et_pb_text][\/et_pb_column][\/et_pb_row][\/et_pb_section][et_pb_section fb_built=\u00bb1&#8243; module_id=\u00bbseccio-resultats-esperats-fons-animat-vanta\u00bb _builder_version=\u00bb4.24.2&#8243; _module_preset=\u00bbdefault\u00bb background_color=\u00bb#42C0C6&#8243; custom_padding=\u00bb0px||||false|false\u00bb global_colors_info=\u00bb{}\u00bb][et_pb_row module_id=\u00bbprojecte-resultats-esperats\u00bb _builder_version=\u00bb4.24.2&#8243; _module_preset=\u00bbdefault\u00bb background_color=\u00bb#00457D\u00bb width=\u00bb100%\u00bb max_width=\u00bbnone\u00bb custom_padding=\u00bb10px||10px||true|false\u00bb sticky_position=\u00bbtop\u00bb sticky_limit_bottom=\u00bbsection\u00bb sticky_position_tablet=\u00bbnone\u00bb sticky_position_phone=\u00bbnone\u00bb sticky_position_last_edited=\u00bbon|desktop\u00bb border_width_bottom=\u00bb2px\u00bb border_color_bottom=\u00bb#FFFFFF\u00bb global_colors_info=\u00bb{}\u00bb background__sticky_enabled=\u00bboff|desktop\u00bb][et_pb_column type=\u00bb4_4&#8243; _builder_version=\u00bb4.24.2&#8243; _module_preset=\u00bbdefault\u00bb global_colors_info=\u00bb{}\u00bb][et_pb_text _builder_version=\u00bb4.24.2&#8243; _module_preset=\u00bbdefault\u00bb text_orientation=\u00bbcenter\u00bb background_layout=\u00bbdark\u00bb custom_margin=\u00bb10px||10px||true|false\u00bb global_colors_info=\u00bb{}\u00bb header_4_font_size__sticky_enabled=\u00bbon|sticky\u00bb header_4_font_size__sticky=\u00bb2rem\u00bb custom_margin__sticky_enabled=\u00bbon|sticky\u00bb custom_margin__sticky=\u00bb2px||2px||true|false\u00bb]<\/p>\n<h4>Beneficios del proyecto<\/h4>\n<p>[\/et_pb_text][\/et_pb_column][\/et_pb_row][et_pb_row module_class=\u00bbenable-flex-position\u00bb _builder_version=\u00bb4.24.2&#8243; _module_preset=\u00bbdefault\u00bb global_colors_info=\u00bb{}\u00bb][et_pb_column type=\u00bb4_4&#8243; _builder_version=\u00bb4.24.2&#8243; _module_preset=\u00bbdefault\u00bb global_colors_info=\u00bb{}\u00bb][et_pb_blurb use_icon=\u00bbon\u00bb font_icon=\u00bb&#xf773;||fa||900&#8243; icon_color=\u00bb#006C7D\u00bb _builder_version=\u00bb4.24.2&#8243; _module_preset=\u00bb64c2017f-17e6-4208-8372-9909be77a3f8&#8243;]<\/p>\n<p>Mejorar la calidad de las masas de agua superficiales y subterr\u00e1neas.<\/p>\n<p>[\/et_pb_blurb][et_pb_blurb use_icon=\u00bbon\u00bb font_icon=\u00bb&#xf542;||fa||900&#8243; icon_color=\u00bbgcid-64c1610c-7fe0-4755-b69b-5af89f56935a\u00bb _builder_version=\u00bb4.24.2&#8243; _module_preset=\u00bb64c2017f-17e6-4208-8372-9909be77a3f8&#8243; global_colors_info=\u00bb{%22gcid-64c1610c-7fe0-4755-b69b-5af89f56935a%22:%91%22icon_color%22%93}\u00bb]<\/p>\n<p>Establecer <strong>redes de seguimiento y mejora de los estados de los ecosistemas fluviales<\/strong> y de los impactos del cambio clim\u00e1tico.<\/p>\n<p>[\/et_pb_blurb][et_pb_blurb use_icon=\u00bbon\u00bb font_icon=\u00bb&#xf1ce;||fa||900&#8243; icon_color=\u00bbgcid-6d6e1e99-4c54-4dc2-87c4-4be937d993f0&#8243; _builder_version=\u00bb4.24.2&#8243; _module_preset=\u00bb64c2017f-17e6-4208-8372-9909be77a3f8&#8243; global_colors_info=\u00bb{%22gcid-6d6e1e99-4c54-4dc2-87c4-4be937d993f0%22:%91%22icon_color%22%93}\u00bb]<\/p>\n<p>Tener una visi\u00f3n integral del ciclo del agua, desde su captaci\u00f3n hasta su vertido.<\/p>\n<p>[\/et_pb_blurb][et_pb_blurb use_icon=\u00bbon\u00bb font_icon=\u00bb&#xf043;||fa||900&#8243; icon_color=\u00bb#00B994&#8243; _builder_version=\u00bb4.24.2&#8243; _module_preset=\u00bb64c2017f-17e6-4208-8372-9909be77a3f8&#8243;]<\/p>\n<p>Mejorar la eficiencia h\u00eddrica en los sistemas de abastecimiento.<\/p>\n<p>[\/et_pb_blurb][et_pb_blurb use_icon=\u00bbon\u00bb font_icon=\u00bb&#xf7e5;||fa||900&#8243; _builder_version=\u00bb4.24.2&#8243; _module_preset=\u00bb64c2017f-17e6-4208-8372-9909be77a3f8&#8243;]<\/p>\n<p>Tener unas infraestructuras adaptadas al cambio clim\u00e1tico.<\/p>\n<p>[\/et_pb_blurb][et_pb_blurb use_icon=\u00bbon\u00bb font_icon=\u00bb&#xf471;||fa||900&#8243; icon_color=\u00bb#006C7D\u00bb _builder_version=\u00bb4.24.2&#8243; _module_preset=\u00bb64c2017f-17e6-4208-8372-9909be77a3f8&#8243;]<\/p>\n<p>Reducir el impacto de las concentraciones de compuestos en el agua y la eutrofizaci\u00f3n de \u00e9sta.<\/p>\n<p>[\/et_pb_blurb][et_pb_blurb use_icon=\u00bbon\u00bb font_icon=\u00bb&#x69;||divi||400&#8243; _builder_version=\u00bb4.24.2&#8243; _module_preset=\u00bb64c2017f-17e6-4208-8372-9909be77a3f8&#8243;]<\/p>\n<p>Mejorar la gobernanza, la gesti\u00f3n, la digitalizaci\u00f3n y la informaci\u00f3n del ciclo integral del agua e impactar positivamente en los municipios.<\/p>\n<p>[\/et_pb_blurb][et_pb_blurb use_icon=\u00bbon\u00bb font_icon=\u00bb&#xf5a0;||fa||900&#8243; icon_color=\u00bbgcid-64c1610c-7fe0-4755-b69b-5af89f56935a\u00bb _builder_version=\u00bb4.24.2&#8243; _module_preset=\u00bb64c2017f-17e6-4208-8372-9909be77a3f8&#8243; global_colors_info=\u00bb{%22gcid-64c1610c-7fe0-4755-b69b-5af89f56935a%22:%91%22icon_color%22%93}\u00bb]<\/p>\n<p>Mejorar los v\u00ednculos entre la gesti\u00f3n del ciclo integral del agua y la poblaci\u00f3n de zonas rurales.<\/p>\n<p>[\/et_pb_blurb][et_pb_blurb use_icon=\u00bbon\u00bb font_icon=\u00bb&#xf182;||fa||900&#8243; icon_color=\u00bbgcid-29c29ba8-9183-42e5-b161-fa6197a095a5&#8243; _builder_version=\u00bb4.24.2&#8243; _module_preset=\u00bb64c2017f-17e6-4208-8372-9909be77a3f8&#8243; global_colors_info=\u00bb{%22gcid-29c29ba8-9183-42e5-b161-fa6197a095a5%22:%91%22icon_color%22%93}\u00bb]<\/p>\n<p>Fomentar la igualdad de g\u00e9nero, a trav\u00e9s de la mejora del ciclo integral del agua, y poner en valor su papel en este \u00e1mbito.<\/p>\n<p>[\/et_pb_blurb][et_pb_blurb use_icon=\u00bbon\u00bb font_icon=\u00bb&#xf086;||fa||400&#8243; icon_color=\u00bb#00B994&#8243; _builder_version=\u00bb4.24.2&#8243; _module_preset=\u00bb64c2017f-17e6-4208-8372-9909be77a3f8&#8243;]<\/p>\n<p>Disfrutar de una comunidad que participe, colabore y promueva los valores del agua, impulsando debates y estudios sobre innovaci\u00f3n y sostenibilidad en la gesti\u00f3n del ciclo integral del agua<\/p>\n<p>[\/et_pb_blurb][et_pb_blurb use_icon=\u00bbon\u00bb font_icon=\u00bb&#xf505;||fa||900&#8243; _builder_version=\u00bb4.24.2&#8243; _module_preset=\u00bb64c2017f-17e6-4208-8372-9909be77a3f8&#8243;]<\/p>\n<p>Proteger a los colectivos vulnerables, garantizando el derecho humano al agua y el cumplimiento de la ley 24\/2015 sobre vivienda y pobreza energ\u00e9tica.<\/p>\n<p>[\/et_pb_blurb][et_pb_blurb use_icon=\u00bbon\u00bb font_icon=\u00bb&#xf02f;||fa||900&#8243; icon_color=\u00bb#007D3A\u00bb _builder_version=\u00bb4.24.2&#8243; _module_preset=\u00bb64c2017f-17e6-4208-8372-9909be77a3f8&#8243;]<\/p>\n<p>Identificar y promover actividades de replicaci\u00f3n del proyecto en otros municipios<\/p>\n<p>[\/et_pb_blurb][\/et_pb_column][\/et_pb_row][\/et_pb_section][et_pb_section fb_built=\u00bb1&#8243; custom_padding_last_edited=\u00bbon|phone\u00bb _builder_version=\u00bb4.24.2&#8243; _module_preset=\u00bbdefault\u00bb background_color=\u00bb#252525&#8243; background_image=\u00bbhttps:\/\/perteaigua.aiguesmanresa.cat\/wp-content\/uploads\/2024\/03\/Mapa-El-Bages-municipis-CODI-SVG.svg\u00bb background_blend=\u00bbsoft-light\u00bb custom_padding=\u00bb8rem||8rem||true|false\u00bb custom_padding_tablet=\u00bb5rem||5rem||true|false\u00bb custom_padding_phone=\u00bb5rem||5rem||true|false\u00bb global_colors_info=\u00bb{}\u00bb][et_pb_row column_structure=\u00bb2_3,1_3&#8243; _builder_version=\u00bb4.24.2&#8243; _module_preset=\u00bbdefault\u00bb global_colors_info=\u00bb{}\u00bb][et_pb_column type=\u00bb2_3&#8243; _builder_version=\u00bb4.24.2&#8243; _module_preset=\u00bbdefault\u00bb global_colors_info=\u00bb{}\u00bb][et_pb_text _builder_version=\u00bb4.24.2&#8243; _module_preset=\u00bb9d3c0e8a-47fa-48f9-bbbc-84228daf8a0a\u00bb background_layout=\u00bbdark\u00bb text_orientation_tablet=\u00bbcenter\u00bb text_orientation_phone=\u00bbcenter\u00bb text_orientation_last_edited=\u00bbon|tablet\u00bb global_colors_info=\u00bb{}\u00bb]<\/p>\n<p>Aig\u00fces de Manresa gestiona el abastecimiento de agua potable en 17 municipios y una entidad municipal descentralizada del Bages y Moian\u00e8s as\u00ed como el alcantarillado de 5 de estos municipios.<\/p>\n<p>[\/et_pb_text][\/et_pb_column][et_pb_column type=\u00bb1_3&#8243; _builder_version=\u00bb4.24.2&#8243; _module_preset=\u00bbdefault\u00bb global_colors_info=\u00bb{}\u00bb][et_pb_button button_url=\u00bb@ET-DC@eyJkeW5hbWljIjp0cnVlLCJjb250ZW50IjoicG9zdF9saW5rX3VybF9wYWdlIiwic2V0dGluZ3MiOnsicG9zdF9pZCI6IjMzNCJ9fQ==@\u00bb button_text=\u00bb\u00c1mbitos de trabajo\u00bb button_alignment=\u00bbcenter\u00bb button_alignment_last_edited=\u00bboff|desktop\u00bb _builder_version=\u00bb4.24.2&#8243; _dynamic_attributes=\u00bbbutton_url\u00bb _module_preset=\u00bbdefault\u00bb custom_button=\u00bbon\u00bb button_text_size=\u00bb1.4rem\u00bb button_icon=\u00bb&#xe01d;||divi||400&#8243; button_icon_placement=\u00bbleft\u00bb global_colors_info=\u00bb{}\u00bb][\/et_pb_button][\/et_pb_column][\/et_pb_row][\/et_pb_section]<\/p>\n","protected":false},"excerpt":{"rendered":"<p>El proyecto Sostenibilidad en el ciclo del agua. Un proyecto de digitalizaci\u00f3n y transformaci\u00f3n del territorio, se ha planteado como la palanca necesaria para impulsar la transformaci\u00f3n digital de la empresa y el sector del agua. El proyecto transformar\u00e1 de forma integral Aig\u00fces de Manresa, y otras peque\u00f1as y medianas operadoras del sector del agua, a nivel tecnol\u00f3gico, de planificaci\u00f3n, de gobernanza, transparencia, digitalizaci\u00f3n, eficiencia y capacitaci\u00f3n, y con la premisa de que las actuaciones tienen que ser sostenibles en el tiempo y con impacto nulo en las tarifas.<\/p>\n","protected":false},"author":1,"featured_media":514,"parent":0,"menu_order":6,"comment_status":"closed","ping_status":"closed","template":"","meta":{"_et_pb_use_builder":"on","_et_pb_old_content":"","_et_gb_content_width":"","footnotes":""},"class_list":["post-846","page","type-page","status-publish","has-post-thumbnail","hentry"],"_links":{"self":[{"href":"https:\/\/perteaigua.aiguesmanresa.cat\/es\/wp-json\/wp\/v2\/pages\/846","targetHints":{"allow":["GET"]}}],"collection":[{"href":"https:\/\/perteaigua.aiguesmanresa.cat\/es\/wp-json\/wp\/v2\/pages"}],"about":[{"href":"https:\/\/perteaigua.aiguesmanresa.cat\/es\/wp-json\/wp\/v2\/types\/page"}],"author":[{"embeddable":true,"href":"https:\/\/perteaigua.aiguesmanresa.cat\/es\/wp-json\/wp\/v2\/users\/1"}],"replies":[{"embeddable":true,"href":"https:\/\/perteaigua.aiguesmanresa.cat\/es\/wp-json\/wp\/v2\/comments?post=846"}],"version-history":[{"count":9,"href":"https:\/\/perteaigua.aiguesmanresa.cat\/es\/wp-json\/wp\/v2\/pages\/846\/revisions"}],"predecessor-version":[{"id":1146,"href":"https:\/\/perteaigua.aiguesmanresa.cat\/es\/wp-json\/wp\/v2\/pages\/846\/revisions\/1146"}],"wp:featuredmedia":[{"embeddable":true,"href":"https:\/\/perteaigua.aiguesmanresa.cat\/es\/wp-json\/wp\/v2\/media\/514"}],"wp:attachment":[{"href":"https:\/\/perteaigua.aiguesmanresa.cat\/es\/wp-json\/wp\/v2\/media?parent=846"}],"curies":[{"name":"wp","href":"https:\/\/api.w.org\/{rel}","templated":true}]}}