{"id":988,"date":"2024-03-06T22:04:59","date_gmt":"2024-03-06T21:04:59","guid":{"rendered":"https:\/\/perteaigua.aiguesmanresa.cat\/quienes-somos\/"},"modified":"2025-10-27T11:10:18","modified_gmt":"2025-10-27T10:10:18","slug":"quienes-somos","status":"publish","type":"page","link":"https:\/\/perteaigua.aiguesmanresa.cat\/es\/quienes-somos\/","title":{"rendered":"\u00bfQui\u00e9nes somos?"},"content":{"rendered":"<p>[et_pb_section fb_built=\u00bb1&#8243; prev_background_color=\u00bb#FFFFFF\u00bb _builder_version=\u00bb4.24.2&#8243; _module_preset=\u00bbdefault\u00bb background_color=\u00bbgcid-4f09a617-b8fe-4205-953a-7b33d2c593d2&#8243; background_image=\u00bbhttps:\/\/perteaigua.aiguesmanresa.cat\/wp-content\/uploads\/2024\/03\/foto-manresa-etap-nit.jpg\u00bb background_blend=\u00bbmultiply\u00bb custom_margin=\u00bb||-50px||false|false\u00bb custom_padding=\u00bb||0px||false|false\u00bb top_divider_style=\u00bbwaves2&#8243; top_divider_height=\u00bb30px\u00bb top_divider_flip=\u00bbhorizontal\u00bb bottom_divider_height=\u00bb30px\u00bb global_colors_info=\u00bb{%22gcid-4f09a617-b8fe-4205-953a-7b33d2c593d2%22:%91%22background_color%22%93}\u00bb][et_pb_row _builder_version=\u00bb4.24.2&#8243; _module_preset=\u00bbdefault\u00bb custom_padding=\u00bb||0px|||\u00bb global_colors_info=\u00bb{}\u00bb][et_pb_column type=\u00bb4_4&#8243; _builder_version=\u00bb4.24.2&#8243; _module_preset=\u00bbdefault\u00bb global_colors_info=\u00bb{}\u00bb][et_pb_text _builder_version=\u00bb4.24.2&#8243; _module_preset=\u00bb9d3c0e8a-47fa-48f9-bbbc-84228daf8a0a\u00bb text_orientation=\u00bbcenter\u00bb background_layout=\u00bbdark\u00bb global_colors_info=\u00bb{}\u00bb]<\/p>\n<h2>El equipo del proyecto<\/h2>\n<p><\/p>\n<p>El coraz\u00f3n del proyecto est\u00e1 formado por 4 grupos desarrolladores:<\/p>\n<p>[\/et_pb_text][\/et_pb_column][\/et_pb_row][et_pb_row module_class=\u00bbenable-flex-position\u00bb _builder_version=\u00bb4.24.2&#8243; _module_preset=\u00bbdefault\u00bb width=\u00bb100%\u00bb max_width=\u00bb1800px\u00bb custom_margin=\u00bb||||false|false\u00bb custom_padding=\u00bb||0px||false|false\u00bb custom_css_free_form=\u00bbselector .et_pb_module { flex:1 0 300px !important; }\u00bb global_colors_info=\u00bb{}\u00bb][et_pb_column type=\u00bb4_4&#8243; _builder_version=\u00bb4.24.2&#8243; _module_preset=\u00bbdefault\u00bb global_colors_info=\u00bb{}\u00bb][et_pb_cta title=\u00bb TELECONTROL\u00bb button_url=\u00bb#\u00bb _builder_version=\u00bb4.24.2&#8243; _module_preset=\u00bbdefault\u00bb body_font_size=\u00bb1rem\u00bb body_line_height=\u00bb1.5rem\u00bb background_image=\u00bbhttps:\/\/perteaigua.aiguesmanresa.cat\/wp-content\/uploads\/2024\/06\/53A7107.jpg\u00bb background_blend=\u00bbmultiply\u00bb animation_style=\u00bbfold\u00bb animation_direction=\u00bbleft\u00bb animation_duration=\u00bb500ms\u00bb animation_delay=\u00bb200ms\u00bb animation_intensity_fold=\u00bb20%\u00bb animation_speed_curve=\u00bbease-out\u00bb global_colors_info=\u00bb{}\u00bb]<\/p>\n<p>Su funci\u00f3n es renovar tecnol\u00f3gicamente el telecontrol, incluidas las comunicaciones.\u00a0<\/p>\n<p><\/p>\n<p>Su trabajo nos aportar\u00e1 <strong>mayor fiabilidad y control sobre los datos<\/strong> y en consecuencia m\u00e1s seguridad a la hora de tomar decisiones.<\/p>\n<p>[\/et_pb_cta][et_pb_cta title=\u00bbGIS\u00bb button_url=\u00bb#\u00bb _builder_version=\u00bb4.24.2&#8243; _module_preset=\u00bbdefault\u00bb body_font_size=\u00bb1rem\u00bb body_line_height=\u00bb1.5rem\u00bb background_color=\u00bbgcid-7384bcb0-08b4-41bb-84f3-812e80eb5896&#8243; background_image=\u00bbhttps:\/\/perteaigua.aiguesmanresa.cat\/wp-content\/uploads\/2024\/06\/53A7132-scaled.jpg\u00bb background_blend=\u00bbmultiply\u00bb animation_style=\u00bbfold\u00bb animation_direction=\u00bbleft\u00bb animation_duration=\u00bb500ms\u00bb animation_delay=\u00bb400ms\u00bb animation_intensity_fold=\u00bb20%\u00bb animation_speed_curve=\u00bbease-out\u00bb global_colors_info=\u00bb{%22gcid-7384bcb0-08b4-41bb-84f3-812e80eb5896%22:%91%22background_color%22%93}\u00bb]<\/p>\n<p>Su funci\u00f3n es convertir el GIS en una herramienta troncal del \u00e1rea de explotaci\u00f3n, a la vez que desarrolla su potencial al m\u00e1ximo.<\/p>\n<p><\/p>\n<p>Esto nos permitir\u00e1 <strong>afinar el dise\u00f1o de la red y mejorar su gesti\u00f3n<\/strong> y detecci\u00f3n de fugas.<\/p>\n<p>[\/et_pb_cta][et_pb_cta title=\u00bbSENSORES\u00bb _builder_version=\u00bb4.24.2&#8243; _module_preset=\u00bbdefault\u00bb body_font_size=\u00bb1rem\u00bb body_line_height=\u00bb1.5rem\u00bb background_color=\u00bbgcid-9a0f8e39-06de-4844-a20b-85e88b5fba3f\u00bb background_image=\u00bbhttps:\/\/perteaigua.aiguesmanresa.cat\/wp-content\/uploads\/2024\/06\/53A7228-scaled.jpg\u00bb background_blend=\u00bbmultiply\u00bb animation_style=\u00bbfold\u00bb animation_direction=\u00bbleft\u00bb animation_duration=\u00bb500ms\u00bb animation_delay=\u00bb600ms\u00bb animation_intensity_fold=\u00bb20%\u00bb animation_speed_curve=\u00bbease-out\u00bb global_colors_info=\u00bb{%22gcid-9a0f8e39-06de-4844-a20b-85e88b5fba3f%22:%91%22background_color%22%93}\u00bb]<\/p>\n<p>Su funci\u00f3n es la de <strong>sensorizar la red y las instalaciones<\/strong> en base a las necesidades actuales y futuras de la empresa.<\/p>\n<p><\/p>\n<p>Este equipo nos <strong>proporcionar\u00e1 los datos<\/strong> que necesitamos para mejorar el control y gesti\u00f3n del servicio.<\/p>\n<p>[\/et_pb_cta][et_pb_cta title=\u00bbAPLICACIONES\u00bb button_url=\u00bb#\u00bb _builder_version=\u00bb4.24.2&#8243; _module_preset=\u00bbdefault\u00bb body_font_size=\u00bb1rem\u00bb body_line_height=\u00bb1.5rem\u00bb background_color=\u00bbgcid-6d6e1e99-4c54-4dc2-87c4-4be937d993f0&#8243; background_image=\u00bbhttps:\/\/perteaigua.aiguesmanresa.cat\/wp-content\/uploads\/2024\/06\/53A7400.jpg\u00bb background_blend=\u00bbmultiply\u00bb animation_style=\u00bbfold\u00bb animation_direction=\u00bbleft\u00bb animation_duration=\u00bb500ms\u00bb animation_delay=\u00bb800ms\u00bb animation_intensity_fold=\u00bb20%\u00bb animation_speed_curve=\u00bbease-out\u00bb global_colors_info=\u00bb{%22gcid-6d6e1e99-4c54-4dc2-87c4-4be937d993f0%22:%91%22background_color%22%93}\u00bb]<\/p>\n<p>Necesitamos gestionar y administrar todos los datos que nos aportar\u00e1 el nuevo sistema de digitalizaci\u00f3n.<\/p>\n<p><\/p>\n<p>Este grupo trabajar\u00e1 para <strong>unificar y filtrar seg\u00fan las necesidades del momento y el visualizador<\/strong>, los datos, permitiendo as\u00ed su f\u00e1cil interpretaci\u00f3n.<\/p>\n<p>[\/et_pb_cta][\/et_pb_column][\/et_pb_row][\/et_pb_section][et_pb_section fb_built=\u00bb1&#8243; _builder_version=\u00bb4.24.2&#8243; _module_preset=\u00bbdefault\u00bb custom_padding=\u00bb||||false|false\u00bb global_colors_info=\u00bb{}\u00bb][et_pb_row column_structure=\u00bb2_3,1_3&#8243; _builder_version=\u00bb4.24.2&#8243; _module_preset=\u00bbdefault\u00bb custom_padding=\u00bb||||false|false\u00bb global_colors_info=\u00bb{}\u00bb][et_pb_column type=\u00bb2_3&#8243; _builder_version=\u00bb4.24.2&#8243; _module_preset=\u00bbdefault\u00bb global_colors_info=\u00bb{}\u00bb][et_pb_text _builder_version=\u00bb4.24.2&#8243; _module_preset=\u00bbdefault\u00bb global_colors_info=\u00bb{}\u00bb]<\/p>\n<h2>Equipos de trabajo<\/h2>\n<p>[\/et_pb_text][et_pb_text _builder_version=\u00bb4.24.2&#8243; _module_preset=\u00bb9d3c0e8a-47fa-48f9-bbbc-84228daf8a0a\u00bb global_colors_info=\u00bb{}\u00bb]<\/p>\n<p>Con el fin de implicar a la mayor parte de la estructura de la empresa y aportar al proyecto el conocimiento ya existente en la organizaci\u00f3n, la responsabilidad t\u00e9cnica de las actuaciones, actividades y tareas se ejecutar\u00e1 internamente con trabajadores dedicados al 100% al proyecto y otros parcialmente.<\/p>\n<p>[\/et_pb_text][\/et_pb_column][et_pb_column type=\u00bb1_3&#8243; _builder_version=\u00bb4.24.2&#8243; _module_preset=\u00bbdefault\u00bb global_colors_info=\u00bb{}\u00bb][et_pb_image src=\u00bbhttps:\/\/perteaigua.aiguesmanresa.cat\/wp-content\/uploads\/2024\/04\/shutterstock_1295767468-Convertido-1.png\u00bb title_text=\u00bbdigitalitzacio-perte\u00bb show_bottom_space=\u00bboff\u00bb _builder_version=\u00bb4.24.2&#8243; _module_preset=\u00bbdefault\u00bb max_width=\u00bb350px\u00bb module_alignment=\u00bbcenter\u00bb scroll_vertical_motion_enable=\u00bbon\u00bb scroll_vertical_motion=\u00bb0|50|50|100|-1.5|-0.5|0.5&#8243; scroll_scaling_enable=\u00bbon\u00bb scroll_scaling=\u00bb0|50|50|100|90%|105%|115%\u00bb global_colors_info=\u00bb{}\u00bb][\/et_pb_image][\/et_pb_column][\/et_pb_row][et_pb_row module_class=\u00bbrow-treballadors-cards enable-flex-position\u00bb _builder_version=\u00bb4.24.2&#8243; _module_preset=\u00bbdefault\u00bb background_color=\u00bb#f7f7f7&#8243; custom_margin=\u00bb||2rem||false|false\u00bb custom_padding=\u00bb0px||37px||false|false\u00bb global_colors_info=\u00bb{}\u00bb][et_pb_column type=\u00bb4_4&#8243; _builder_version=\u00bb4.24.2&#8243; _module_preset=\u00bbdefault\u00bb global_colors_info=\u00bb{}\u00bb][et_pb_text _builder_version=\u00bb4.24.2&#8243; _module_preset=\u00bbdefault\u00bb text_font=\u00bb|||on|||||\u00bb background_color=\u00bb#00B994&#8243; background_layout=\u00bbdark\u00bb custom_margin=\u00bb0px||25px||false|false\u00bb custom_padding=\u00bb25px|35px|10px|35px|false|true\u00bb custom_css_free_form=\u00bbselector { flex:1 1 100% !important; }\u00bb border_width_bottom=\u00bb3px\u00bb border_color_bottom=\u00bb#006C7D\u00bb border_style_bottom=\u00bbdotted\u00bb global_colors_info=\u00bb{}\u00bb]<\/p>\n<p>con\u00f3cenos!<\/p>\n<p>[\/et_pb_text][et_pb_team_member name=\u00bbAntoni Ventura\u00bb position=\u00bbGERENTE\u00bb image_url=\u00bbhttps:\/\/perteaigua.aiguesmanresa.cat\/wp-content\/uploads\/2024\/06\/gerent-scaled.jpg\u00bb twitter_url=\u00bbhttps:\/\/twitter.com\/aventuraribal\u00bb linkedin_url=\u00bbhttps:\/\/www.linkedin.com\/in\/antoni-ventura-ribal\/\u00bb _builder_version=\u00bb4.24.2&#8243; _module_preset=\u00bbdefault\u00bb position_text_color=\u00bb#006C7D\u00bb global_colors_info=\u00bb{%22gcid-4f09a617-b8fe-4205-953a-7b33d2c593d2%22:%91%22header_text_color%22%93}\u00bb][\/et_pb_team_member][et_pb_team_member name=\u00bbEsther Costa\u00bb position=\u00bbDIRECTORA DE OPERACIONES\u00bb image_url=\u00bbhttps:\/\/perteaigua.aiguesmanresa.cat\/wp-content\/uploads\/2024\/06\/ester.jpg\u00bb twitter_url=\u00bbhttps:\/\/twitter.com\/EstherC2307&#8243; linkedin_url=\u00bbhttps:\/\/www.linkedin.com\/in\/esther-costa-alc%C3%A1ntara-aa9437179\/\u00bb _builder_version=\u00bb4.24.2&#8243; _module_preset=\u00bbdefault\u00bb position_text_color=\u00bb#006C7D\u00bb global_colors_info=\u00bb{%22gcid-4f09a617-b8fe-4205-953a-7b33d2c593d2%22:%91%22header_text_color%22%93}\u00bb][\/et_pb_team_member][et_pb_team_member name=\u00bbSergi Grau\u00bb position=\u00bbProject Leader\u00bb image_url=\u00bbhttps:\/\/perteaigua.aiguesmanresa.cat\/wp-content\/uploads\/2024\/06\/sergi.jpg\u00bb twitter_url=\u00bbhttps:\/\/twitter.com\/Mn3731127&#8243; linkedin_url=\u00bbhttps:\/\/www.linkedin.com\/in\/sergi-grau-torrent-72904950\/\u00bb _builder_version=\u00bb4.24.2&#8243; _module_preset=\u00bbdefault\u00bb position_text_color=\u00bb#006C7D\u00bb global_colors_info=\u00bb{%22gcid-4f09a617-b8fe-4205-953a-7b33d2c593d2%22:%91%22header_text_color%22%93}\u00bb][\/et_pb_team_member][et_pb_team_member name=\u00bbTELECONTROL\u00bb position=\u00bbMarina Lloys &#8211; PM\u00bb image_url=\u00bbhttps:\/\/perteaigua.aiguesmanresa.cat\/wp-content\/uploads\/2025\/04\/53A7082-scaled-e1744114316937.jpg\u00bb _builder_version=\u00bb4.27.0&#8243; _module_preset=\u00bbdefault\u00bb position_text_color=\u00bb#42C0C6&#8243; hover_enabled=\u00bb0&#8243; global_colors_info=\u00bb{%22gcid-4f09a617-b8fe-4205-953a-7b33d2c593d2%22:%91%22header_text_color%22%93}\u00bb title_text=\u00bb_53A7082&#8243; sticky_enabled=\u00bb0&#8243;]<\/p>\n<p>I en el equipo tambi\u00e9n est\u00e1:<br \/>Josep Llu\u00eds Guix\u00e0<br \/>Rub\u00e8n L\u00f3pez<br \/>Gerard Martinez<br \/>Marc Subir\u00e0<\/p>\n<p>[\/et_pb_team_member][et_pb_team_member name=\u00bbGIS\u00bb position=\u00bbCLAUDIA DRAGOSTE &#8211; PM\u00bb image_url=\u00bbhttps:\/\/perteaigua.aiguesmanresa.cat\/wp-content\/uploads\/2024\/06\/gis.jpg\u00bb _builder_version=\u00bb4.24.2&#8243; _module_preset=\u00bbdefault\u00bb hover_enabled=\u00bb0&#8243; global_colors_info=\u00bb{}\u00bb sticky_enabled=\u00bb0&#8243;]<\/p>\n<p>I en el equipo tambi\u00e9n est\u00e1::<br \/>Queralt Llad\u00f3<br \/>Queralt Gost<br \/>Albert Torres<br \/>Mar Casti\u00f1eiras<\/p>\n<p><\/p>\n<p>&nbsp;<\/p>\n<p>[\/et_pb_team_member][et_pb_team_member name=\u00bbAPLICACIONES\u00bb position=\u00bbJORDI COTS &#8211; PM\u00bb image_url=\u00bbhttps:\/\/perteaigua.aiguesmanresa.cat\/wp-content\/uploads\/2024\/06\/ap.jpg\u00bb _builder_version=\u00bb4.27.0&#8243; _module_preset=\u00bbdefault\u00bb position_text_color=\u00bb#00457D\u00bb hover_enabled=\u00bb0&#8243; global_colors_info=\u00bb{%22gcid-4f09a617-b8fe-4205-953a-7b33d2c593d2%22:%91%22header_text_color%22%93}\u00bb sticky_enabled=\u00bb0&#8243;]<\/p>\n<p>Daniel Alamillo<br \/>Judit Camps<br \/>J\u00falia Cebri\u00e0<\/p>\n<p>[\/et_pb_team_member][et_pb_team_member name=\u00bbSENSORES\u00bb position=\u00bbJOSEP MARIA ZARAGOZA &#8211; PM\u00bb image_url=\u00bbhttps:\/\/perteaigua.aiguesmanresa.cat\/wp-content\/uploads\/2024\/06\/sensor.jpg\u00bb _builder_version=\u00bb4.24.2&#8243; _module_preset=\u00bbdefault\u00bb position_text_color=\u00bb#007D3A\u00bb hover_enabled=\u00bb0&#8243; global_colors_info=\u00bb{%22gcid-4f09a617-b8fe-4205-953a-7b33d2c593d2%22:%91%22header_text_color%22%93}\u00bb sticky_enabled=\u00bb0&#8243;]<\/p>\n<p>I en el equipo tambi\u00e9n est\u00e1:<br \/>Julio P\u00e9rez<br \/>Aaron Luque<br \/>Eva Corbella<br \/>Maria Jou<\/p>\n<p>[\/et_pb_team_member][et_pb_team_member name=\u00bbPLANIFICACI\u00d3N\u00bb position=\u00bbMontse G\u00f3mez\u00bb image_url=\u00bbhttps:\/\/perteaigua.aiguesmanresa.cat\/wp-content\/uploads\/2025\/04\/53A7270-copia.jpg\u00bb _builder_version=\u00bb4.27.0&#8243; _module_preset=\u00bbdefault\u00bb position_text_color=\u00bb#00B994&#8243; hover_enabled=\u00bb0&#8243; global_colors_info=\u00bb{}\u00bb title_text=\u00bb_53A7270 copia\u00bb sticky_enabled=\u00bb0&#8243;]<\/p>\n<p>Isa Guti\u00e9rrez<br \/>Joan Tarrias<\/p>\n<p>[\/et_pb_team_member][et_pb_team_member name=\u00bbMEDIO AMBIENTE Y CALIDAD\u00bb position=\u00bbEVA CORBELLA\u00bb image_url=\u00bbhttps:\/\/perteaigua.aiguesmanresa.cat\/wp-content\/uploads\/2024\/06\/53A6993-scaled-e1744114754949.jpg\u00bb _builder_version=\u00bb4.27.0&#8243; _module_preset=\u00bbdefault\u00bb position_text_color=\u00bb#00B994&#8243; hover_enabled=\u00bb0&#8243; global_colors_info=\u00bb{}\u00bb title_text=\u00bb_53A6993&#8243; sticky_enabled=\u00bb0&#8243;][\/et_pb_team_member][et_pb_team_member name=\u00bbENERGIA\u00bb position=\u00bbALBERT DURAN \/ ALEIX VALLVERD\u00da\u00bb image_url=\u00bbhttps:\/\/perteaigua.aiguesmanresa.cat\/wp-content\/uploads\/2024\/06\/Aleix_Albert.jpg\u00bb _builder_version=\u00bb4.24.2&#8243; _module_preset=\u00bbdefault\u00bb position_text_color=\u00bb#00B994&#8243; global_colors_info=\u00bb{}\u00bb][\/et_pb_team_member][et_pb_team_member name=\u00bbECONOMIA\u00bb position=\u00bbJOAN FLOTATS \u00bb image_url=\u00bbhttps:\/\/perteaigua.aiguesmanresa.cat\/wp-content\/uploads\/2024\/06\/53A2672-scaled-e1718631514408.jpg\u00bb _builder_version=\u00bb4.24.2&#8243; _module_preset=\u00bbdefault\u00bb position_text_color=\u00bb#00B994&#8243; global_colors_info=\u00bb{}\u00bb]<\/p>\n<p>I tambi\u00e9n forma parte del equipo:<br \/>Ester Subirana<br \/>Sandra Anfruns<br \/>Marta Mora<\/p>\n<p>[\/et_pb_team_member][et_pb_team_member name=\u00bbCONTROLLER\u00bb position=\u00bbMireia f\u00e9lix\u00bb image_url=\u00bbhttps:\/\/perteaigua.aiguesmanresa.cat\/wp-content\/uploads\/2024\/06\/mf.jpg\u00bb _builder_version=\u00bb4.24.2&#8243; _module_preset=\u00bbdefault\u00bb position_text_color=\u00bb#00B994&#8243; global_colors_info=\u00bb{}\u00bb][\/et_pb_team_member][et_pb_team_member name=\u00bbSISTEMAS INFORM\u00c1TICOS\u00bb position=\u00bbABEL-JOEL AGELET\u00bb image_url=\u00bbhttps:\/\/perteaigua.aiguesmanresa.cat\/wp-content\/uploads\/2024\/06\/53A2683-scaled-e1718631628783.jpg\u00bb _builder_version=\u00bb4.24.2&#8243; _module_preset=\u00bbdefault\u00bb position_text_color=\u00bb#00B994&#8243; global_colors_info=\u00bb{}\u00bb]<\/p>\n<p>I en el equipo tambi\u00e9n est\u00e1:<br \/>Xavier Rodriguez<\/p>\n<p>[\/et_pb_team_member][et_pb_team_member name=\u00bbORGANIZACI\u00d3N\/ ADMINISTRACI\u00d3N\u00bb position=\u00bbROGER JUBELLS\u00bb image_url=\u00bbhttps:\/\/perteaigua.aiguesmanresa.cat\/wp-content\/uploads\/2024\/06\/53A2652-scaled-e1718631686511.jpg\u00bb _builder_version=\u00bb4.24.2&#8243; _module_preset=\u00bbdefault\u00bb position_text_color=\u00bb#00B994&#8243; global_colors_info=\u00bb{}\u00bb]<\/p>\n<p>I en el equipo tambi\u00e9n est\u00e1:<br \/>Jordi Garcia<br \/>Carme Ruiz<br \/>Laura Grau<br \/>J\u00e8ssica \u00c1lvarez<\/p>\n<p>[\/et_pb_team_member][et_pb_team_member name=\u00bbGESTI\u00d3N DEL CAMBIO\u00bb position=\u00bbRAQUEL AGUILERA\u00bb image_url=\u00bbhttps:\/\/perteaigua.aiguesmanresa.cat\/wp-content\/uploads\/2024\/06\/53A1967-scaled-e1718631746608.jpg\u00bb _builder_version=\u00bb4.24.2&#8243; _module_preset=\u00bbdefault\u00bb position_text_color=\u00bb#00B994&#8243; global_colors_info=\u00bb{}\u00bb][\/et_pb_team_member][et_pb_team_member name=\u00bbFORMACI\u00d3N \/PERSONAL\u00bb position=\u00bbMONTSE PUJOL\u00bb image_url=\u00bbhttps:\/\/perteaigua.aiguesmanresa.cat\/wp-content\/uploads\/2024\/06\/53A2693-scaled-e1718631787548.jpg\u00bb _builder_version=\u00bb4.24.2&#8243; _module_preset=\u00bbdefault\u00bb position_text_color=\u00bb#00B994&#8243; custom_padding=\u00bb19px|20px|19px|20px|true|true\u00bb global_colors_info=\u00bb{}\u00bb]<\/p>\n<p>Tambi\u00e9n forma parte: Raquel del Rio<\/p>\n<p>[\/et_pb_team_member][et_pb_team_member name=\u00bbCOMUNICACI\u00d3N\u00bb position=\u00bbALBA SUBIRANA\u00bb image_url=\u00bbhttps:\/\/perteaigua.aiguesmanresa.cat\/wp-content\/uploads\/2024\/06\/co.jpg\u00bb _builder_version=\u00bb4.24.2&#8243; _module_preset=\u00bbdefault\u00bb position_text_color=\u00bb#00B994&#8243; custom_padding=\u00bb19px|20px|19px|20px|true|true\u00bb global_colors_info=\u00bb{}\u00bb]<\/p>\n<p>I en el equipo tambi\u00e9n est\u00e1:<br \/>Rebeca Molero<\/p>\n<p>[\/et_pb_team_member][\/et_pb_column][\/et_pb_row][et_pb_row disabled_on=\u00bbon|on|on\u00bb module_class=\u00bbrow-treballadors-cards enable-flex-position\u00bb _builder_version=\u00bb4.24.2&#8243; _module_preset=\u00bbdefault\u00bb background_color=\u00bb#f7f7f7&#8243; custom_margin=\u00bb||2rem||false|false\u00bb custom_padding=\u00bb0px||||false|false\u00bb disabled=\u00bbon\u00bb global_colors_info=\u00bb{}\u00bb][et_pb_column type=\u00bb4_4&#8243; _builder_version=\u00bb4.24.2&#8243; _module_preset=\u00bbdefault\u00bb global_colors_info=\u00bb{}\u00bb][et_pb_text _builder_version=\u00bb4.24.2&#8243; _module_preset=\u00bbdefault\u00bb text_font=\u00bb|||on|||||\u00bb background_color=\u00bb#42C0C6&#8243; background_layout=\u00bbdark\u00bb custom_margin=\u00bb0px||25px||false|false\u00bb custom_padding=\u00bb25px|35px|10px|35px|false|true\u00bb custom_css_free_form=\u00bbselector { flex:1 1 100% !important; }\u00bb border_width_bottom=\u00bb3px\u00bb border_color_bottom=\u00bb#006C7D\u00bb border_style_bottom=\u00bbdotted\u00bb locked=\u00bboff\u00bb global_colors_info=\u00bb{}\u00bb]<\/p>\n<h5>Personal de suport<\/h5>\n<p>[\/et_pb_text][et_pb_team_member name=\u00bbQueralt Llad\u00f3\u00bb position=\u00bbGIS\u00bb twitter_url=\u00bb#\u00bb linkedin_url=\u00bb#\u00bb _builder_version=\u00bb4.24.2&#8243; _module_preset=\u00bbdefault\u00bb global_colors_info=\u00bb{}\u00bb][\/et_pb_team_member][et_pb_team_member name=\u00bbRuben\u00bb position=\u00bbTelecontrol\u00bb twitter_url=\u00bb#\u00bb linkedin_url=\u00bb#\u00bb _builder_version=\u00bb4.24.2&#8243; _module_preset=\u00bbdefault\u00bb position_text_color=\u00bb#42C0C6&#8243; global_colors_info=\u00bb{%22gcid-4f09a617-b8fe-4205-953a-7b33d2c593d2%22:%91%22header_text_color%22%93}\u00bb][\/et_pb_team_member][et_pb_team_member name=\u00bbQueralt Gost\u00bb position=\u00bbGIS\u00bb twitter_url=\u00bb#\u00bb linkedin_url=\u00bb#\u00bb _builder_version=\u00bb4.24.2&#8243; _module_preset=\u00bbdefault\u00bb global_colors_info=\u00bb{}\u00bb][\/et_pb_team_member][et_pb_team_member name=\u00bbMireia F\u00e9lix\u00bb position=\u00bbProject Controller\u00bb twitter_url=\u00bb#\u00bb linkedin_url=\u00bb#\u00bb _builder_version=\u00bb4.24.2&#8243; _module_preset=\u00bbdefault\u00bb position_text_color=\u00bb#00B994&#8243; global_colors_info=\u00bb{}\u00bb][\/et_pb_team_member][et_pb_team_member name=\u00bbAlbert Torres\u00bb position=\u00bbAplicacions\u00bb twitter_url=\u00bb#\u00bb linkedin_url=\u00bb#\u00bb _builder_version=\u00bb4.24.2&#8243; _module_preset=\u00bbdefault\u00bb position_text_color=\u00bb#00457D\u00bb global_colors_info=\u00bb{%22gcid-4f09a617-b8fe-4205-953a-7b33d2c593d2%22:%91%22header_text_color%22%93}\u00bb][\/et_pb_team_member][et_pb_team_member name=\u00bbXavier Rodriguez\u00bb position=\u00bbSistemes Inform\u00e0tics\u00bb twitter_url=\u00bb#\u00bb linkedin_url=\u00bb#\u00bb _builder_version=\u00bb4.24.2&#8243; _module_preset=\u00bbdefault\u00bb position_text_color=\u00bb#00B994&#8243; global_colors_info=\u00bb{}\u00bb][\/et_pb_team_member][et_pb_team_member name=\u00bbRebeca Molero\u00bb position=\u00bbComunicaci\u00f3\u00bb twitter_url=\u00bb#\u00bb linkedin_url=\u00bb#\u00bb _builder_version=\u00bb4.24.2&#8243; _module_preset=\u00bbdefault\u00bb position_text_color=\u00bb#00B994&#8243; global_colors_info=\u00bb{}\u00bb][\/et_pb_team_member][et_pb_team_member name=\u00bbJosep Llu\u00eds Guix\u00e0\u00bb position=\u00bbTelecontrol\u00bb twitter_url=\u00bb#\u00bb linkedin_url=\u00bb#\u00bb _builder_version=\u00bb4.24.2&#8243; _module_preset=\u00bbdefault\u00bb position_text_color=\u00bb#42C0C6&#8243; global_colors_info=\u00bb{%22gcid-4f09a617-b8fe-4205-953a-7b33d2c593d2%22:%91%22header_text_color%22,%22header_text_color%22%93}\u00bb][\/et_pb_team_member][\/et_pb_column][\/et_pb_row][\/et_pb_section]<\/p>\n","protected":false},"excerpt":{"rendered":"<p>Con el fin de implicar a la mayor parte de la estructura de la empresa y aportar al proyecto el conocimiento ya existente en la organizaci\u00f3n, la responsabilidad t\u00e9cnica de las actuaciones, actividades y tareas se ejecutar\u00e1 internamente con trabajadores dedicados al 100% al proyecto y otros parcialmente.<\/p>\n","protected":false},"author":1,"featured_media":648,"parent":0,"menu_order":9,"comment_status":"closed","ping_status":"closed","template":"","meta":{"_et_pb_use_builder":"on","_et_pb_old_content":"","_et_gb_content_width":"","footnotes":""},"class_list":["post-988","page","type-page","status-publish","has-post-thumbnail","hentry"],"_links":{"self":[{"href":"https:\/\/perteaigua.aiguesmanresa.cat\/es\/wp-json\/wp\/v2\/pages\/988","targetHints":{"allow":["GET"]}}],"collection":[{"href":"https:\/\/perteaigua.aiguesmanresa.cat\/es\/wp-json\/wp\/v2\/pages"}],"about":[{"href":"https:\/\/perteaigua.aiguesmanresa.cat\/es\/wp-json\/wp\/v2\/types\/page"}],"author":[{"embeddable":true,"href":"https:\/\/perteaigua.aiguesmanresa.cat\/es\/wp-json\/wp\/v2\/users\/1"}],"replies":[{"embeddable":true,"href":"https:\/\/perteaigua.aiguesmanresa.cat\/es\/wp-json\/wp\/v2\/comments?post=988"}],"version-history":[{"count":26,"href":"https:\/\/perteaigua.aiguesmanresa.cat\/es\/wp-json\/wp\/v2\/pages\/988\/revisions"}],"predecessor-version":[{"id":2067,"href":"https:\/\/perteaigua.aiguesmanresa.cat\/es\/wp-json\/wp\/v2\/pages\/988\/revisions\/2067"}],"wp:featuredmedia":[{"embeddable":true,"href":"https:\/\/perteaigua.aiguesmanresa.cat\/es\/wp-json\/wp\/v2\/media\/648"}],"wp:attachment":[{"href":"https:\/\/perteaigua.aiguesmanresa.cat\/es\/wp-json\/wp\/v2\/media?parent=988"}],"curies":[{"name":"wp","href":"https:\/\/api.w.org\/{rel}","templated":true}]}}